{"id":2824,"date":"2021-06-23T14:47:12","date_gmt":"2021-06-23T17:47:12","guid":{"rendered":"https:\/\/www.cftestataltarapaca.cl\/admision\/?page_id=2824"},"modified":"2025-09-02T16:37:51","modified_gmt":"2025-09-02T20:37:51","slug":"conocenos","status":"publish","type":"page","link":"https:\/\/www.cftestataltarapaca.cl\/admision\/conocenos\/","title":{"rendered":"Con\u00f3cenos"},"content":{"rendered":"[vc_row type=&#8221;in_container&#8221; full_screen_row_position=&#8221;middle&#8221; scene_position=&#8221;center&#8221; text_color=&#8221;dark&#8221; text_align=&#8221;left&#8221; top_padding=&#8221;4%&#8221; bottom_padding=&#8221;4%&#8221; overlay_strength=&#8221;0.3&#8243; shape_divider_position=&#8221;bottom&#8221; shape_type=&#8221;&#8221;][vc_column column_padding=&#8221;no-extra-padding&#8221; column_padding_position=&#8221;all&#8221; background_color_opacity=&#8221;1&#8243; background_hover_color_opacity=&#8221;1&#8243; column_shadow=&#8221;none&#8221; column_border_radius=&#8221;none&#8221; width=&#8221;1\/2&#8243; tablet_text_alignment=&#8221;default&#8221; phone_text_alignment=&#8221;default&#8221; column_border_width=&#8221;none&#8221; column_border_style=&#8221;solid&#8221;][vc_column_text]\n<h1>\u00bfQu\u00e9 Hacemos?<\/h1>\n<p style=\"text-align: justify; padding-top: 30px;\">Dar a conocer la oferta Acad\u00e9mica del CFT Estatal de la Regi\u00f3n de Tarapac\u00e1, mediante la interacci\u00f3n efectiva con las y los potenciales estudiantes, es la labor que lleva a cabo la unidad de Admisi\u00f3n de la instituci\u00f3n, a trav\u00e9s de una serie de acciones de promoci\u00f3n y difusi\u00f3n.<\/p>\n<p style=\"text-align: justify;\">Exposiciones a grupos de inter\u00e9s sobre las carreras que se imparten, apoyo acad\u00e9mico y vocacional, as\u00ed como charlas espec\u00edficas de gratuidad y beneficios Ministeriales y talleres vocacionales entre otros, son parte de las actividades que la unidad realiza anualmente, todas ellas enfocadas a vincular al CFT Estatal de Tarapac\u00e1 con el entorno acad\u00e9mico y empresarial, integrando en todo momento a las organizaciones sociales, territoriales y sus comunidades.<\/p>\n[\/vc_column_text][\/vc_column][vc_column column_padding=&#8221;no-extra-padding&#8221; column_padding_position=&#8221;all&#8221; background_color_opacity=&#8221;1&#8243; background_hover_color_opacity=&#8221;1&#8243; column_shadow=&#8221;none&#8221; column_border_radius=&#8221;none&#8221; width=&#8221;1\/2&#8243; tablet_text_alignment=&#8221;default&#8221; phone_text_alignment=&#8221;default&#8221; column_border_width=&#8221;none&#8221; column_border_style=&#8221;solid&#8221;][vc_column_text]\n<p style=\"text-align: justify;\">A trav\u00e9s de Ferias vocacionales, Stands informativos, Charlas a padres y apoderados, entre otros informamos sobre nuestra oferta acad\u00e9mica, convenios de articulaci\u00f3n EMTP y elementos diferenciadores que brinda la instituci\u00f3n en apoyo a los estudiantes de la regi\u00f3n. Esto acompa\u00f1ado de cat\u00e1logos virtuales, material audiovisual y m\u00e1s.<\/p>\n<p style=\"text-align: justify;\">El objetivo es establecer un v\u00ednculo con la comunidad, que nos permita entregar la informaci\u00f3n de manera veraz y oportuna, y para ello ponemos a disposici\u00f3n de las y los estudiantes un proceso de postulaci\u00f3n o inscripci\u00f3n directa en nuestro sitio web de Admisi\u00f3n, que permite llevar a cabo un proceso de matr\u00edcula eficiente, integrado, equitativo, no selectivo e inclusivo, acorde a las necesidades de los postulantes, apoyados en la confianza de ser una instituci\u00f3n del Estado de Chile.<\/p>\n[\/vc_column_text][\/vc_column][\/vc_row][vc_row type=&#8221;full_width_content&#8221; full_screen_row_position=&#8221;middle&#8221; bg_color=&#8221;#ffffff&#8221; scene_position=&#8221;center&#8221; text_color=&#8221;dark&#8221; text_align=&#8221;left&#8221; disable_element=&#8221;yes&#8221; overlay_strength=&#8221;0.3&#8243; shape_divider_position=&#8221;bottom&#8221; shape_type=&#8221;&#8221;][vc_column column_padding=&#8221;no-extra-padding&#8221; column_padding_position=&#8221;all&#8221; background_color_opacity=&#8221;1&#8243; background_hover_color_opacity=&#8221;1&#8243; column_shadow=&#8221;none&#8221; column_border_radius=&#8221;none&#8221; width=&#8221;1\/1&#8243; tablet_text_alignment=&#8221;default&#8221; phone_text_alignment=&#8221;default&#8221; column_border_width=&#8221;none&#8221; column_border_style=&#8221;solid&#8221;][vc_row_inner column_margin=&#8221;default&#8221; text_align=&#8221;left&#8221;][vc_column_inner column_padding=&#8221;no-extra-padding&#8221; column_padding_position=&#8221;all&#8221; background_color_opacity=&#8221;1&#8243; background_hover_color_opacity=&#8221;1&#8243; column_shadow=&#8221;none&#8221; column_border_radius=&#8221;none&#8221; width=&#8221;1\/1&#8243; column_border_width=&#8221;none&#8221; column_border_style=&#8221;solid&#8221;]<div class=\"divider-wrap\"><div style=\"height: 25px;\" class=\"divider\"><\/div><\/div>[vc_column_text css=&#8221;.vc_custom_1724160990945{padding-top: 10px !important;padding-right: 12px !important;padding-left: 12px !important;}&#8221;]\n<h2 style=\"color: #00b2df; text-align: center;\">Conoce a nuestro equipo<\/h2>\n<p style=\"text-align: center;\">Te esperamos desde el 2 de octubre para el nuevo proceso de admisi\u00f3n.<\/p>\n[\/vc_column_text]<div class=\"divider-wrap\"><div style=\"height: 25px;\" class=\"divider\"><\/div><\/div>[\/vc_column_inner][\/vc_row_inner][\/vc_column][\/vc_row][vc_row type=&#8221;full_width_background&#8221; full_screen_row_position=&#8221;middle&#8221; bg_color=&#8221;#ffffff&#8221; scene_position=&#8221;center&#8221; text_color=&#8221;dark&#8221; text_align=&#8221;left&#8221; bottom_padding=&#8221;40&#8243; disable_element=&#8221;yes&#8221; overlay_strength=&#8221;0.3&#8243; shape_divider_position=&#8221;bottom&#8221; shape_type=&#8221;&#8221;][vc_column column_padding=&#8221;no-extra-padding&#8221; column_padding_position=&#8221;all&#8221; background_color_opacity=&#8221;1&#8243; background_hover_color_opacity=&#8221;1&#8243; column_shadow=&#8221;none&#8221; column_border_radius=&#8221;none&#8221; width=&#8221;1\/3&#8243; tablet_text_alignment=&#8221;default&#8221; phone_text_alignment=&#8221;default&#8221; column_border_width=&#8221;none&#8221; column_border_style=&#8221;solid&#8221;][fancy_box box_style=&#8221;parallax_hover&#8221; icon_family=&#8221;none&#8221; image_url=&#8221;5985&#8243;]<strong>Jaime Silva<\/strong><br \/>\nCoordinador de Admisi\u00f3n[\/fancy_box][\/vc_column][vc_column column_padding=&#8221;no-extra-padding&#8221; column_padding_position=&#8221;all&#8221; background_color_opacity=&#8221;1&#8243; background_hover_color_opacity=&#8221;1&#8243; column_shadow=&#8221;none&#8221; column_border_radius=&#8221;none&#8221; width=&#8221;1\/3&#8243; tablet_text_alignment=&#8221;default&#8221; phone_text_alignment=&#8221;default&#8221; column_border_width=&#8221;none&#8221; column_border_style=&#8221;solid&#8221;][fancy_box box_style=&#8221;parallax_hover&#8221; icon_family=&#8221;none&#8221; image_url=&#8221;5988&#8243;]<strong>Jenifer Ahumada<\/strong><br \/>\nEjecutiva de Admisi\u00f3n[\/fancy_box][\/vc_column][vc_column column_padding=&#8221;no-extra-padding&#8221; column_padding_position=&#8221;all&#8221; background_color_opacity=&#8221;1&#8243; background_hover_color_opacity=&#8221;1&#8243; column_shadow=&#8221;none&#8221; column_border_radius=&#8221;none&#8221; width=&#8221;1\/3&#8243; tablet_text_alignment=&#8221;default&#8221; phone_text_alignment=&#8221;default&#8221; column_border_width=&#8221;none&#8221; column_border_style=&#8221;solid&#8221;][fancy_box box_style=&#8221;parallax_hover&#8221; icon_family=&#8221;none&#8221; image_url=&#8221;5990&#8243;]<strong>Mar\u00eda Fernanda Pizarro<\/strong><br \/>\nEjecutiva de Admisi\u00f3n[\/fancy_box][\/vc_column][\/vc_row][vc_row type=&#8221;full_width_content&#8221; full_screen_row_position=&#8221;middle&#8221; bg_color=&#8221;#00b2df&#8221; scene_position=&#8221;center&#8221; text_color=&#8221;light&#8221; text_align=&#8221;left&#8221; overlay_strength=&#8221;0.3&#8243; shape_divider_position=&#8221;bottom&#8221; shape_type=&#8221;&#8221;][vc_column column_padding=&#8221;no-extra-padding&#8221; column_padding_position=&#8221;all&#8221; background_color_opacity=&#8221;1&#8243; background_hover_color_opacity=&#8221;1&#8243; column_shadow=&#8221;none&#8221; column_border_radius=&#8221;none&#8221; width=&#8221;1\/2&#8243; tablet_text_alignment=&#8221;default&#8221; phone_text_alignment=&#8221;default&#8221; column_border_width=&#8221;none&#8221; column_border_style=&#8221;solid&#8221;]<div class=\"img-with-aniamtion-wrap \" data-max-width=\"100%\" data-border-radius=\"none\"><div class=\"inner\"><img loading=\"lazy\" decoding=\"async\" data-shadow=\"none\" data-shadow-direction=\"middle\" class=\"img-with-animation \" data-delay=\"0\" height=\"790\" width=\"1300\" data-animation=\"fade-in\" src=\"https:\/\/www.cftestataltarapaca.cl\/admision\/wp-content\/uploads\/2023\/08\/charla.jpg\" srcset=\"https:\/\/www.cftestataltarapaca.cl\/admision\/wp-content\/uploads\/2023\/08\/charla.jpg 1300w, https:\/\/www.cftestataltarapaca.cl\/admision\/wp-content\/uploads\/2023\/08\/charla-300x182.jpg 300w, https:\/\/www.cftestataltarapaca.cl\/admision\/wp-content\/uploads\/2023\/08\/charla-1024x622.jpg 1024w, https:\/\/www.cftestataltarapaca.cl\/admision\/wp-content\/uploads\/2023\/08\/charla-768x467.jpg 768w\" sizes=\"auto, 100vw\" alt=\"\" \/><\/div><\/div>[\/vc_column][vc_column column_padding=&#8221;padding-4-percent&#8221; column_padding_position=&#8221;all&#8221; background_color_opacity=&#8221;1&#8243; background_hover_color_opacity=&#8221;1&#8243; column_shadow=&#8221;none&#8221; column_border_radius=&#8221;none&#8221; width=&#8221;1\/2&#8243; tablet_text_alignment=&#8221;default&#8221; phone_text_alignment=&#8221;default&#8221; column_border_width=&#8221;none&#8221; column_border_style=&#8221;solid&#8221;][vc_column_text]\n<h2 style=\"text-align: left;\">CHARLAS VIRTUALES<\/h2>\n<p style=\"text-align: justify;\">Nuestro equipo de profesionales y t\u00e9cnicos ponen a disposici\u00f3n de las comunidades educativas y empresas una charla virtual, donde sus participantes podr\u00e1n interactuar desde sus hogares, de forma totalmente remota. El prop\u00f3sito de la actividad es revisar la oferta acad\u00e9mica del CFT Estatal, el campo laboral de sus carreras, el perfil de egreso de sus programas acad\u00e9micos, competencias sello, adem\u00e1s revisar el programa de articulaci\u00f3n Media TP y posibilidades de desarrollo y apoyo psicopedag\u00f3gico que ofrece la instituci\u00f3n a todos sus estudiantes. Esta es una excelente instancia para resolver inquietudes, conocer el equipo acad\u00e9mico y tambi\u00e9n, resolver dudas acerca del pr\u00f3ximo proceso de admisi\u00f3n.<\/p>\n<p style=\"text-align: justify;\">Si deseas agendar una charla debes contactar a el\/a orientador\/a o profesor\/a a cargo, para establecer una fecha con el coordinador de la Unidad de Admisi\u00f3n o nos puede contactar v\u00eda correo electr\u00f3nico a jsilva@cftestataltarapaca.cl o al WhatsApp +56978953861.<\/p>\n[\/vc_column_text][\/vc_column][\/vc_row][vc_row type=&#8221;full_width_content&#8221; full_screen_row_position=&#8221;middle&#8221; bg_color=&#8221;#ead38a&#8221; scene_position=&#8221;center&#8221; text_color=&#8221;dark&#8221; text_align=&#8221;left&#8221; overlay_strength=&#8221;0.3&#8243; shape_divider_position=&#8221;bottom&#8221; shape_type=&#8221;&#8221;][vc_column column_padding=&#8221;padding-4-percent&#8221; column_padding_position=&#8221;all&#8221; background_color_opacity=&#8221;1&#8243; background_hover_color_opacity=&#8221;1&#8243; column_shadow=&#8221;none&#8221; column_border_radius=&#8221;none&#8221; width=&#8221;1\/2&#8243; tablet_text_alignment=&#8221;default&#8221; phone_text_alignment=&#8221;default&#8221; column_border_width=&#8221;none&#8221; column_border_style=&#8221;solid&#8221;][vc_column_text]\n<h2>CHARLAS MASIVAS<\/h2>\n<p style=\"text-align: justify;\">Nuestro equipo de profesionales y t\u00e9cnicos pone a disposici\u00f3n de las comunidades educativas un ciclo de charlas masivas y en vivo desde plataformas digitales, para todos\/as aquellos\/as que est\u00e9n interesados en conocer m\u00e1s sobre el CFT Estatal Tarapac\u00e1.<\/p>\n<p style=\"text-align: justify;\">El ciclo de charlas ser\u00e1 difundido en nuestras redes sociales y plataformas digitales. La actividad ser\u00e1 liderada por La Red Futuro T\u00e9cnico Tarapac\u00e1 que forma parte de la agenda de modernizaci\u00f3n de la Formaci\u00f3n T\u00e9cnico-Profesional (TP) impulsada por el Mineduc.<\/p>\n[\/vc_column_text][\/vc_column][vc_column column_padding=&#8221;no-extra-padding&#8221; column_padding_position=&#8221;all&#8221; background_color_opacity=&#8221;1&#8243; background_hover_color_opacity=&#8221;1&#8243; column_shadow=&#8221;none&#8221; column_border_radius=&#8221;none&#8221; width=&#8221;1\/2&#8243; tablet_text_alignment=&#8221;default&#8221; phone_text_alignment=&#8221;default&#8221; column_border_width=&#8221;none&#8221; column_border_style=&#8221;solid&#8221;]<div class=\"img-with-aniamtion-wrap right\" data-max-width=\"100%\" data-border-radius=\"none\"><div class=\"inner\"><img loading=\"lazy\" decoding=\"async\" data-shadow=\"none\" data-shadow-direction=\"middle\" class=\"img-with-animation \" data-delay=\"0\" height=\"790\" width=\"1300\" data-animation=\"fade-in\" src=\"https:\/\/www.cftestataltarapaca.cl\/admision\/wp-content\/uploads\/2023\/08\/charla2.jpg\" srcset=\"https:\/\/www.cftestataltarapaca.cl\/admision\/wp-content\/uploads\/2023\/08\/charla2.jpg 1300w, https:\/\/www.cftestataltarapaca.cl\/admision\/wp-content\/uploads\/2023\/08\/charla2-300x182.jpg 300w, https:\/\/www.cftestataltarapaca.cl\/admision\/wp-content\/uploads\/2023\/08\/charla2-1024x622.jpg 1024w, https:\/\/www.cftestataltarapaca.cl\/admision\/wp-content\/uploads\/2023\/08\/charla2-768x467.jpg 768w\" sizes=\"auto, 100vw\" alt=\"\" \/><\/div><\/div>[\/vc_column][\/vc_row][vc_row type=&#8221;full_width_content&#8221; full_screen_row_position=&#8221;middle&#8221; bg_color=&#8221;#00b2df&#8221; scene_position=&#8221;center&#8221; text_color=&#8221;light&#8221; text_align=&#8221;left&#8221; overlay_strength=&#8221;0.3&#8243; shape_divider_position=&#8221;bottom&#8221; shape_type=&#8221;&#8221;][vc_column column_padding=&#8221;no-extra-padding&#8221; column_padding_position=&#8221;all&#8221; background_color_opacity=&#8221;1&#8243; background_hover_color_opacity=&#8221;1&#8243; column_shadow=&#8221;none&#8221; column_border_radius=&#8221;none&#8221; width=&#8221;1\/2&#8243; tablet_text_alignment=&#8221;default&#8221; phone_text_alignment=&#8221;default&#8221; column_border_width=&#8221;none&#8221; column_border_style=&#8221;solid&#8221;]<div class=\"img-with-aniamtion-wrap \" data-max-width=\"100%\" data-border-radius=\"none\"><div class=\"inner\"><img loading=\"lazy\" decoding=\"async\" data-shadow=\"none\" data-shadow-direction=\"middle\" class=\"img-with-animation \" data-delay=\"0\" height=\"790\" width=\"1300\" data-animation=\"fade-in\" src=\"https:\/\/www.cftestataltarapaca.cl\/admision\/wp-content\/uploads\/2023\/08\/charlas-masivas.jpg\" srcset=\"https:\/\/www.cftestataltarapaca.cl\/admision\/wp-content\/uploads\/2023\/08\/charlas-masivas.jpg 1300w, https:\/\/www.cftestataltarapaca.cl\/admision\/wp-content\/uploads\/2023\/08\/charlas-masivas-300x182.jpg 300w, https:\/\/www.cftestataltarapaca.cl\/admision\/wp-content\/uploads\/2023\/08\/charlas-masivas-1024x622.jpg 1024w, https:\/\/www.cftestataltarapaca.cl\/admision\/wp-content\/uploads\/2023\/08\/charlas-masivas-768x467.jpg 768w\" sizes=\"auto, 100vw\" alt=\"\" \/><\/div><\/div>[\/vc_column][vc_column column_padding=&#8221;padding-4-percent&#8221; column_padding_position=&#8221;all&#8221; background_color_opacity=&#8221;1&#8243; background_hover_color_opacity=&#8221;1&#8243; column_shadow=&#8221;none&#8221; column_border_radius=&#8221;none&#8221; width=&#8221;1\/2&#8243; tablet_text_alignment=&#8221;default&#8221; phone_text_alignment=&#8221;default&#8221; column_border_width=&#8221;none&#8221; column_border_style=&#8221;solid&#8221;][vc_column_text]\n<h2>CHARLAS PRESENCIALES<\/h2>\n<p style=\"text-align: justify;\">La unidad de Admisi\u00f3n coloca a disposici\u00f3n de las comunidades educativas y empresas u\/o organizaciones sociales, una charla de oferta acad\u00e9mica de manera presencial, siempre que las medidas y disposiciones sanitarias lo permitan. El objetivo de esta actividad es proporcionar informaci\u00f3n al futuro estudiante sobre la oferta acad\u00e9mica del CFT Estatal de Tarapac\u00e1 y abordar elementos adicionales como son: proceso de matr\u00edculas, servicios de apoyo al estudiante, gratuidad y becas ministeriales, aranceles, entre otros.<\/p>\n[\/vc_column_text][\/vc_column][\/vc_row][vc_row type=&#8221;full_width_content&#8221; full_screen_row_position=&#8221;middle&#8221; scene_position=&#8221;center&#8221; text_color=&#8221;dark&#8221; text_align=&#8221;left&#8221; overlay_strength=&#8221;0.3&#8243; shape_divider_position=&#8221;bottom&#8221; shape_type=&#8221;&#8221;][vc_column column_padding=&#8221;padding-4-percent&#8221; column_padding_position=&#8221;all&#8221; background_color_opacity=&#8221;1&#8243; background_hover_color_opacity=&#8221;1&#8243; column_shadow=&#8221;none&#8221; column_border_radius=&#8221;none&#8221; width=&#8221;1\/2&#8243; tablet_text_alignment=&#8221;default&#8221; phone_text_alignment=&#8221;default&#8221; column_border_width=&#8221;none&#8221; column_border_style=&#8221;solid&#8221;][vc_column_text]\n<h2>PLATAFORMAS VIRTUALES<\/h2>\n<p>En el compromiso de estar conectados, es que la instituci\u00f3n responder\u00e1 todas las consultas y comentarios a trav\u00e9s de sus redes sociales (<strong>CFT Estatal Tarapaca<\/strong>) y WhatsApp de Admisi\u00f3n \u00a0<strong>+56978953861<\/strong>. Nuestro objetivo de informar y orientar en lo que se requiera respecto al proceso.<\/p>\n<p><strong>HORARIO DE ATENCI\u00d3N:<\/strong><\/p>\n<p>lunes a viernes 08:30 a 17:30 hrs.[\/vc_column_text][\/vc_column][vc_column column_padding=&#8221;no-extra-padding&#8221; column_padding_position=&#8221;all&#8221; background_color_opacity=&#8221;1&#8243; background_hover_color_opacity=&#8221;1&#8243; column_shadow=&#8221;none&#8221; column_border_radius=&#8221;none&#8221; width=&#8221;1\/2&#8243; tablet_text_alignment=&#8221;default&#8221; phone_text_alignment=&#8221;default&#8221; column_border_width=&#8221;none&#8221; column_border_style=&#8221;solid&#8221;]<div class=\"img-with-aniamtion-wrap right\" data-max-width=\"100%\" data-border-radius=\"none\"><div class=\"inner\"><img loading=\"lazy\" decoding=\"async\" data-shadow=\"none\" data-shadow-direction=\"middle\" class=\"img-with-animation \" data-delay=\"0\" height=\"790\" width=\"1300\" data-animation=\"fade-in\" src=\"https:\/\/www.cftestataltarapaca.cl\/admision\/wp-content\/uploads\/2023\/08\/redes.jpg\" srcset=\"https:\/\/www.cftestataltarapaca.cl\/admision\/wp-content\/uploads\/2023\/08\/redes.jpg 1300w, https:\/\/www.cftestataltarapaca.cl\/admision\/wp-content\/uploads\/2023\/08\/redes-300x182.jpg 300w, https:\/\/www.cftestataltarapaca.cl\/admision\/wp-content\/uploads\/2023\/08\/redes-1024x622.jpg 1024w, https:\/\/www.cftestataltarapaca.cl\/admision\/wp-content\/uploads\/2023\/08\/redes-768x467.jpg 768w\" sizes=\"auto, 100vw\" alt=\"\" \/><\/div><\/div>[\/vc_column][\/vc_row]\n","protected":false},"excerpt":{"rendered":"<p>[vc_row type=&#8221;in_container&#8221; full_screen_row_position=&#8221;middle&#8221; scene_position=&#8221;center&#8221; text_color=&#8221;dark&#8221; text_align=&#8221;left&#8221; top_padding=&#8221;4%&#8221; bottom_padding=&#8221;4%&#8221; overlay_strength=&#8221;0.3&#8243; shape_divider_position=&#8221;bottom&#8221; shape_type=&#8221;&#8221;][vc_column column_padding=&#8221;no-extra-padding&#8221; column_padding_position=&#8221;all&#8221; background_color_opacity=&#8221;1&#8243; background_hover_color_opacity=&#8221;1&#8243; column_shadow=&#8221;none&#8221; column_border_radius=&#8221;none&#8221; width=&#8221;1\/2&#8243; tablet_text_alignment=&#8221;default&#8221; phone_text_alignment=&#8221;default&#8221; column_border_width=&#8221;none&#8221; column_border_style=&#8221;solid&#8221;][vc_column_text] \u00bfQu\u00e9 Hacemos? Dar a conocer la oferta Acad\u00e9mica&#8230;<\/p>\n","protected":false},"author":1,"featured_media":0,"parent":0,"menu_order":0,"comment_status":"open","ping_status":"open","template":"","meta":{"footnotes":""},"class_list":["post-2824","page","type-page","status-publish","hentry"],"_links":{"self":[{"href":"https:\/\/www.cftestataltarapaca.cl\/admision\/wp-json\/wp\/v2\/pages\/2824","targetHints":{"allow":["GET"]}}],"collection":[{"href":"https:\/\/www.cftestataltarapaca.cl\/admision\/wp-json\/wp\/v2\/pages"}],"about":[{"href":"https:\/\/www.cftestataltarapaca.cl\/admision\/wp-json\/wp\/v2\/types\/page"}],"author":[{"embeddable":true,"href":"https:\/\/www.cftestataltarapaca.cl\/admision\/wp-json\/wp\/v2\/users\/1"}],"replies":[{"embeddable":true,"href":"https:\/\/www.cftestataltarapaca.cl\/admision\/wp-json\/wp\/v2\/comments?post=2824"}],"version-history":[{"count":44,"href":"https:\/\/www.cftestataltarapaca.cl\/admision\/wp-json\/wp\/v2\/pages\/2824\/revisions"}],"predecessor-version":[{"id":6137,"href":"https:\/\/www.cftestataltarapaca.cl\/admision\/wp-json\/wp\/v2\/pages\/2824\/revisions\/6137"}],"wp:attachment":[{"href":"https:\/\/www.cftestataltarapaca.cl\/admision\/wp-json\/wp\/v2\/media?parent=2824"}],"curies":[{"name":"wp","href":"https:\/\/api.w.org\/{rel}","templated":true}]}}