{"version":"1.0","provider_name":"CFT Estatal Tarapac\u00e1","provider_url":"https:\/\/www.cftestataltarapaca.cl\/inicio","author_name":"Comunicaciones","author_url":"https:\/\/www.cftestataltarapaca.cl\/inicio\/author\/comunicaciones\/","title":"Crean unidad de G\u00e9nero, Diversidad e Inclusi\u00f3n - CFT Estatal Tarapac\u00e1","type":"rich","width":600,"height":338,"html":"<blockquote class=\"wp-embedded-content\" data-secret=\"Q3CcKeqDuG\"><a href=\"https:\/\/www.cftestataltarapaca.cl\/inicio\/2022\/07\/12\/crean-unidad-de-genero-diversidad-e-inclusion\/\">Crean unidad de G\u00e9nero, Diversidad e Inclusi\u00f3n<\/a><\/blockquote><iframe sandbox=\"allow-scripts\" security=\"restricted\" src=\"https:\/\/www.cftestataltarapaca.cl\/inicio\/2022\/07\/12\/crean-unidad-de-genero-diversidad-e-inclusion\/embed\/#?secret=Q3CcKeqDuG\" width=\"600\" height=\"338\" title=\"\u00abCrean unidad de G\u00e9nero, Diversidad e Inclusi\u00f3n\u00bb \u2014 CFT Estatal Tarapac\u00e1\" data-secret=\"Q3CcKeqDuG\" frameborder=\"0\" marginwidth=\"0\" marginheight=\"0\" scrolling=\"no\" class=\"wp-embedded-content\"><\/iframe><script type=\"text\/javascript\">\n\/* <![CDATA[ *\/\n\/*! This file is auto-generated *\/\n!function(d,l){\"use strict\";l.querySelector&&d.addEventListener&&\"undefined\"!=typeof URL&&(d.wp=d.wp||{},d.wp.receiveEmbedMessage||(d.wp.receiveEmbedMessage=function(e){var t=e.data;if((t||t.secret||t.message||t.value)&&!\/[^a-zA-Z0-9]\/.test(t.secret)){for(var s,r,n,a=l.querySelectorAll('iframe[data-secret=\"'+t.secret+'\"]'),o=l.querySelectorAll('blockquote[data-secret=\"'+t.secret+'\"]'),c=new RegExp(\"^https?:$\",\"i\"),i=0;i<o.length;i++)o[i].style.display=\"none\";for(i=0;i<a.length;i++)s=a[i],e.source===s.contentWindow&&(s.removeAttribute(\"style\"),\"height\"===t.message?(1e3<(r=parseInt(t.value,10))?r=1e3:~~r<200&&(r=200),s.height=r):\"link\"===t.message&&(r=new URL(s.getAttribute(\"src\")),n=new URL(t.value),c.test(n.protocol))&&n.host===r.host&&l.activeElement===s&&(d.top.location.href=t.value))}},d.addEventListener(\"message\",d.wp.receiveEmbedMessage,!1),l.addEventListener(\"DOMContentLoaded\",function(){for(var e,t,s=l.querySelectorAll(\"iframe.wp-embedded-content\"),r=0;r<s.length;r++)(t=(e=s[r]).getAttribute(\"data-secret\"))||(t=Math.random().toString(36).substring(2,12),e.src+=\"#?secret=\"+t,e.setAttribute(\"data-secret\",t)),e.contentWindow.postMessage({message:\"ready\",secret:t},\"*\")},!1)))}(window,document);\n\/* ]]> *\/\n<\/script>\n","thumbnail_url":"https:\/\/www.cftestataltarapaca.cl\/inicio\/wp-content\/uploads\/2022\/01\/2-CFT.png.webp","thumbnail_width":1000,"thumbnail_height":667,"description":"Como un gran avance en la implementaci\u00f3n de lo ordenado en la ley 21.369 en materia de equidad de g\u00e9nero en los espacios educativos defini\u00f3 el rector del Centro de Formaci\u00f3n T\u00e9cnica Estatal, Jorge Villegas, la creaci\u00f3n de la Unidad de G\u00e9nero, Diversidad e Inclusi\u00f3n en la instituci\u00f3n."}