{"id":10539,"date":"2023-06-19T16:39:03","date_gmt":"2023-06-19T16:39:03","guid":{"rendered":"https:\/\/www.cftestataltarapaca.cl\/inicio\/?page_id=10539"},"modified":"2024-11-12T11:56:43","modified_gmt":"2024-11-12T14:56:43","slug":"asuntos-estudiantiles","status":"publish","type":"page","link":"https:\/\/www.cftestataltarapaca.cl\/inicio\/asuntos-estudiantiles\/","title":{"rendered":"Asuntos Estudiantiles"},"content":{"rendered":"[vc_row type=\u00bbfull_width_content\u00bb full_screen_row_position=\u00bbmiddle\u00bb scene_position=\u00bbcenter\u00bb text_color=\u00bbdark\u00bb text_align=\u00bbleft\u00bb overlay_strength=\u00bb0.3&#8243; shape_divider_position=\u00bbbottom\u00bb shape_type=\u00bb\u00bb][vc_column column_padding=\u00bbno-extra-padding\u00bb column_padding_position=\u00bball\u00bb background_color_opacity=\u00bb1&#8243; background_hover_color_opacity=\u00bb1&#8243; column_shadow=\u00bbnone\u00bb column_border_radius=\u00bbnone\u00bb width=\u00bb1\/1&#8243; tablet_text_alignment=\u00bbdefault\u00bb phone_text_alignment=\u00bbdefault\u00bb column_border_width=\u00bbnone\u00bb column_border_style=\u00bbsolid\u00bb]<div style=\"height: 750px\" data-midnight=\"nectar-slider\" class=\"parallax_slider_outer \"><div style=\"height: 750px\"  data-transition=\"slide\" data-overall_style=\"classic\" data-flexible-height=\"\" data-animate-in-effect=\"none\" data-fullscreen=\"false\" data-button-sizing=\"regular\" data-button-styling=\"btn_with_count\" data-autorotate=\"6000\" data-parallax=\"true\" data-full-width=\"false\" class=\"nectar-slider-wrap \" id=\"ns-id-69f0dca8dd1b8\">\n\t\t\t<div style=\"height: 750px\" class=\"swiper-container\"  data-tho=\"auto\" data-tco=\"auto\" data-pho=\"auto\" data-pco=\"auto\" data-loop=\"true\" data-height=\"750\" data-min-height=\"\" data-arrows=\"false\" data-bullets=\"true\" data-bullet_style=\"see_through\" data-desktop-swipe=\"true\" data-settings=\"\">\n\t\t\t\t    <div class=\"swiper-wrapper\"><div class=\"swiper-slide\" data-bg-alignment=\"center\" data-color-scheme=\"light\" data-x-pos=\"left\" data-y-pos=\"middle\"> \n\t\t\t\t\t\t\t\t<div class=\"image-bg\" style=\"background-image: url(https:\/\/www.cftestataltarapaca.cl\/inicio\/wp-content\/uploads\/2022\/09\/banner-denuncias.jpg);\"> &nbsp; <\/div><div class=\"container\">\n\t\t\t\t\t\t\t\t\t<div class=\"content\"><h2>Portal de Denuncias<\/h2><p  ><span>de Acoso Sexual y Violencia o Discriminaci\u00f3n de G\u00e9nero<\/span><\/p><div class=\"buttons\"><div class=\"button transparent\">\n\t\t\t\t\t\t\t\t\t\t\t\t \t\t <a class=\"primary-color\" href=\"https:\/\/www.cftestataltarapaca.cl\/inicio\/denuncia-acoso-violencia-discriminacion\/\">Ingresar<\/a>\n\t\t\t\t\t\t\t\t\t\t\t\t \t <\/div><\/div><\/div>\n\t\t\t\t\t\t\t\t<\/div><!--\/container--><div class=\"video-texture active_texture\"> <span class=\"ie-fix\"><\/span> <\/div><\/div><!--\/swiper-slide--><div class=\"swiper-slide\" data-bg-alignment=\"center\" data-color-scheme=\"light\" data-x-pos=\"left\" data-y-pos=\"middle\"> \n\t\t\t\t\t\t\t\t<div class=\"image-bg\" style=\"background-image: url(https:\/\/www.cftestataltarapaca.cl\/inicio\/wp-content\/uploads\/2024\/11\/banner_apoyo.jpg);\"> &nbsp; <\/div><div class=\"container\">\n\t\t\t\t\t\t\t\t\t<div class=\"content\"><h2>\u00bfNecesitas Apoyo?<\/h2><p  ><span>Estamos aqu\u00ed para escucharlos y brindarles nuestra ayuda<\/span><\/p><div class=\"buttons\"><div class=\"button transparent\">\n\t\t\t\t\t\t\t\t\t\t\t\t \t\t <a class=\"primary-color\" href=\"https:\/\/www.cftestataltarapaca.cl\/inicio\/apoyo-psicopedagogico\/\">Psicopedag\u00f3gico<\/a>\n\t\t\t\t\t\t\t\t\t\t\t\t \t <\/div><div class=\"button transparent\">\n\t\t\t\t\t\t\t\t\t\t\t\t \t\t <a class=\"primary-color\" href=\"https:\/\/www.cftestataltarapaca.cl\/inicio\/apoyo-psicoemocional\/\">Psicoemocional<\/a>\n\t\t\t\t\t\t\t\t\t\t\t\t \t <\/div><\/div><\/div>\n\t\t\t\t\t\t\t\t<\/div><!--\/container--><div class=\"video-texture \"> <span class=\"ie-fix\"><\/span> <\/div><\/div><!--\/swiper-slide--><\/div><div class=\"slider-pagination\"><\/div><div class=\"nectar-slider-loading \"> <span class=\"loading-icon none\">   <\/span> <\/div> <\/div> \n\t\t\t\t\n\t\t\t<\/div><\/div>[\/vc_column][\/vc_row][vc_row type=\u00bbin_container\u00bb full_screen_row_position=\u00bbmiddle\u00bb scene_position=\u00bbcenter\u00bb text_color=\u00bbdark\u00bb text_align=\u00bbleft\u00bb disable_element=\u00bbyes\u00bb overlay_strength=\u00bb0.3&#8243; shape_divider_position=\u00bbbottom\u00bb shape_type=\u00bb\u00bb][vc_column column_padding=\u00bbno-extra-padding\u00bb column_padding_position=\u00bball\u00bb background_color_opacity=\u00bb1&#8243; background_hover_color_opacity=\u00bb1&#8243; column_shadow=\u00bbnone\u00bb column_border_radius=\u00bbnone\u00bb width=\u00bb1\/1&#8243; tablet_text_alignment=\u00bbdefault\u00bb phone_text_alignment=\u00bbdefault\u00bb column_border_width=\u00bbnone\u00bb column_border_style=\u00bbsolid\u00bb][vc_row_inner column_margin=\u00bbnone\u00bb bottom_padding=\u00bb5%\u00bb text_align=\u00bbcenter\u00bb][vc_column_inner enable_animation=\u00bbtrue\u00bb animation=\u00bbfade-in-from-bottom\u00bb column_padding=\u00bbpadding-2-percent\u00bb column_padding_position=\u00bball\u00bb background_color_opacity=\u00bb1&#8243; background_hover_color_opacity=\u00bb1&#8243; column_shadow=\u00bbnone\u00bb column_border_radius=\u00bbnone\u00bb width=\u00bb1\/6&#8243; column_border_width=\u00bbnone\u00bb column_border_style=\u00bbsolid\u00bb delay=\u00bb400&#8243;][\/vc_column_inner][vc_column_inner enable_animation=\u00bbtrue\u00bb animation=\u00bbfade-in-from-bottom\u00bb column_padding=\u00bbpadding-2-percent\u00bb column_padding_position=\u00bball\u00bb background_color_opacity=\u00bb1&#8243; background_hover_color_opacity=\u00bb1&#8243; column_shadow=\u00bbnone\u00bb column_border_radius=\u00bbnone\u00bb width=\u00bb1\/6&#8243; column_border_width=\u00bbnone\u00bb column_border_style=\u00bbsolid\u00bb delay=\u00bb100&#8243;]<div class=\"team-member\" data-style=\"meta_below\"><img decoding=\"async\" alt=\"Javier \u00dabeda\" src=\"https:\/\/www.cftestataltarapaca.cl\/inicio\/wp-content\/uploads\/2023\/06\/j-ubeda.png\" title=\"Javier<br \/>\n\u00dabeda\" \/><h4 class=\"light\">Javier<br \/>\n\u00dabeda<\/h4><div class=\"position\">Coordinador<br \/>\nde Asuntos Estudiantiles<\/div><p class=\"description\"><\/p><\/div>[nectar_btn size=\u00bbsmall\u00bb open_new_tab=\u00bbtrue\u00bb button_style=\u00bbregular\u00bb button_color_2=\u00bbAccent-Color\u00bb icon_family=\u00bbfontawesome\u00bb url=\u00bbmailto:jubeda@cftestataltarapaca.cl\u00bb text=\u00bbcontacto\u00bb icon_fontawesome=\u00bbfa fa-envelope-o\u00bb][\/vc_column_inner][vc_column_inner enable_animation=\u00bbtrue\u00bb animation=\u00bbfade-in-from-bottom\u00bb column_padding=\u00bbpadding-2-percent\u00bb column_padding_position=\u00bball\u00bb background_color_opacity=\u00bb1&#8243; background_hover_color_opacity=\u00bb1&#8243; column_shadow=\u00bbnone\u00bb column_border_radius=\u00bbnone\u00bb width=\u00bb1\/6&#8243; column_border_width=\u00bbnone\u00bb column_border_style=\u00bbsolid\u00bb delay=\u00bb200&#8243;]<div class=\"team-member\" data-style=\"meta_below\"><img decoding=\"async\" alt=\"Eduardo Navarro\" src=\"https:\/\/www.cftestataltarapaca.cl\/inicio\/wp-content\/uploads\/2023\/06\/e-navarro.png\" title=\"Eduardo Navarro\" \/><h4 class=\"light\">Eduardo Navarro<\/h4><div class=\"position\">Encargado<br \/>\nde Bienestar Estudiantil<\/div><p class=\"description\"><\/p><\/div>[nectar_btn size=\u00bbsmall\u00bb open_new_tab=\u00bbtrue\u00bb button_style=\u00bbregular\u00bb button_color_2=\u00bbAccent-Color\u00bb icon_family=\u00bbfontawesome\u00bb url=\u00bbmailto:enavarro@cftestataltarapaca.cl\u00bb text=\u00bbcontacto\u00bb icon_fontawesome=\u00bbfa fa-envelope-o\u00bb][\/vc_column_inner][vc_column_inner enable_animation=\u00bbtrue\u00bb animation=\u00bbfade-in-from-bottom\u00bb column_padding=\u00bbpadding-2-percent\u00bb column_padding_position=\u00bball\u00bb background_color_opacity=\u00bb1&#8243; background_hover_color_opacity=\u00bb1&#8243; column_shadow=\u00bbnone\u00bb column_border_radius=\u00bbnone\u00bb width=\u00bb1\/6&#8243; column_border_width=\u00bbnone\u00bb column_border_style=\u00bbsolid\u00bb delay=\u00bb300&#8243;]<div class=\"team-member\" data-style=\"meta_below\"><img decoding=\"async\" alt=\"Sunny Fuentes\" src=\"https:\/\/www.cftestataltarapaca.cl\/inicio\/wp-content\/uploads\/2023\/06\/s-fuentes.png\" title=\"Sunny Fuentes\" \/><h4 class=\"light\">Sunny Fuentes<\/h4><div class=\"position\">Trabajadora Social Unidad de Bienestar Estudiantil<\/div><p class=\"description\"><\/p><\/div>[nectar_btn size=\u00bbsmall\u00bb open_new_tab=\u00bbtrue\u00bb button_style=\u00bbregular\u00bb button_color_2=\u00bbAccent-Color\u00bb icon_family=\u00bbfontawesome\u00bb url=\u00bbmailto:sfuentes@cftestataltarapaca.cl\u00bb text=\u00bbcontacto\u00bb icon_fontawesome=\u00bbfa fa-envelope-o\u00bb][\/vc_column_inner][vc_column_inner enable_animation=\u00bbtrue\u00bb animation=\u00bbfade-in\u00bb column_padding=\u00bbpadding-2-percent\u00bb column_padding_position=\u00bball\u00bb background_color_opacity=\u00bb1&#8243; background_hover_color_opacity=\u00bb1&#8243; column_shadow=\u00bbnone\u00bb column_border_radius=\u00bbnone\u00bb width=\u00bb1\/6&#8243; column_border_width=\u00bbnone\u00bb column_border_style=\u00bbsolid\u00bb delay=\u00bb200&#8243;]<div class=\"team-member\" data-style=\"meta_below\"><img decoding=\"async\" alt=\"Francisca Ramirez\" src=\"https:\/\/www.cftestataltarapaca.cl\/inicio\/wp-content\/uploads\/2023\/06\/f-ramirez.png\" title=\"Francisca Ram\u00edrez\" \/><h4 class=\"light\">Francisca Ram\u00edrez<\/h4><div class=\"position\">Psic\u00f3loga Coordinaci\u00f3n de Asuntos Estudiantiles<\/div><p class=\"description\"><\/p><\/div>[nectar_btn size=\u00bbsmall\u00bb open_new_tab=\u00bbtrue\u00bb button_style=\u00bbregular\u00bb button_color_2=\u00bbAccent-Color\u00bb icon_family=\u00bbfontawesome\u00bb url=\u00bbmailto:framirez@cftestataltarapaca.cl\u00bb text=\u00bbcontacto\u00bb icon_fontawesome=\u00bbfa fa-envelope-o\u00bb][\/vc_column_inner][vc_column_inner column_padding=\u00bbno-extra-padding\u00bb column_padding_position=\u00bball\u00bb background_color_opacity=\u00bb1&#8243; background_hover_color_opacity=\u00bb1&#8243; column_shadow=\u00bbnone\u00bb column_border_radius=\u00bbnone\u00bb width=\u00bb1\/6&#8243; column_border_width=\u00bbnone\u00bb column_border_style=\u00bbsolid\u00bb][\/vc_column_inner][\/vc_row_inner][\/vc_column][\/vc_row][vc_row type=\u00bbin_container\u00bb full_screen_row_position=\u00bbmiddle\u00bb scene_position=\u00bbcenter\u00bb text_color=\u00bbdark\u00bb text_align=\u00bbleft\u00bb overlay_strength=\u00bb0.3&#8243; shape_divider_position=\u00bbbottom\u00bb][vc_column column_padding=\u00bbno-extra-padding\u00bb column_padding_position=\u00bball\u00bb background_color_opacity=\u00bb1&#8243; background_hover_color_opacity=\u00bb1&#8243; column_shadow=\u00bbnone\u00bb column_border_radius=\u00bbnone\u00bb width=\u00bb1\/1&#8243; tablet_text_alignment=\u00bbdefault\u00bb phone_text_alignment=\u00bbdefault\u00bb column_border_width=\u00bbnone\u00bb column_border_style=\u00bbsolid\u00bb]<div class=\"divider-wrap\"><div style=\"height: 25px;\" class=\"divider\"><\/div><\/div>[vc_column_text css=\u00bb.vc_custom_1731420204910{padding-top: 40px !important;padding-bottom: 40px !important;}\u00bb]\n<h1 style=\"text-align: center;\">\u00bfNecesitas Apoyo?<\/h1>\n[\/vc_column_text][\/vc_column][\/vc_row][vc_row type=\u00bbin_container\u00bb full_screen_row_position=\u00bbmiddle\u00bb scene_position=\u00bbcenter\u00bb text_color=\u00bbdark\u00bb text_align=\u00bbleft\u00bb overlay_strength=\u00bb0.3&#8243; shape_divider_position=\u00bbbottom\u00bb][vc_column centered_text=\u00bbtrue\u00bb column_padding=\u00bbpadding-5-percent\u00bb column_padding_position=\u00bball\u00bb background_color_opacity=\u00bb1&#8243; background_hover_color_opacity=\u00bb1&#8243; column_shadow=\u00bbsmall_depth\u00bb column_border_radius=\u00bb20px\u00bb width=\u00bb1\/2&#8243; tablet_text_alignment=\u00bbdefault\u00bb phone_text_alignment=\u00bbdefault\u00bb column_border_width=\u00bbnone\u00bb][vc_column_text]\n<h2 style=\"color: #35a1be;\">ATENCI\u00d3N PSICOPEDAG\u00d3GICA<\/h2>\n<p>Escanea el c\u00f3digo QR para reservar una hora o <a href=\"https:\/\/www.cftestataltarapaca.cl\/inicio\/apoyo-psicopedagogico\/\"><strong>ingresa aqu\u00ed<\/strong><\/a>.[\/vc_column_text]<div class=\"img-with-aniamtion-wrap \" data-max-width=\"100%\" data-border-radius=\"none\"><div class=\"inner\"><img loading=\"lazy\" decoding=\"async\" data-shadow=\"none\" data-shadow-direction=\"middle\" class=\"img-with-animation \" data-delay=\"0\" height=\"1968\" width=\"1968\" data-animation=\"fade-in\" src=\"https:\/\/www.cftestataltarapaca.cl\/inicio\/wp-content\/uploads\/2024\/11\/psicopedagogico.png\" srcset=\"https:\/\/www.cftestataltarapaca.cl\/inicio\/wp-content\/uploads\/2024\/11\/psicopedagogico.png 1968w, https:\/\/www.cftestataltarapaca.cl\/inicio\/wp-content\/uploads\/2024\/11\/psicopedagogico-300x300.png 300w, https:\/\/www.cftestataltarapaca.cl\/inicio\/wp-content\/uploads\/2024\/11\/psicopedagogico-1024x1024.png 1024w, https:\/\/www.cftestataltarapaca.cl\/inicio\/wp-content\/uploads\/2024\/11\/psicopedagogico-150x150.png 150w, https:\/\/www.cftestataltarapaca.cl\/inicio\/wp-content\/uploads\/2024\/11\/psicopedagogico-768x768.png 768w, https:\/\/www.cftestataltarapaca.cl\/inicio\/wp-content\/uploads\/2024\/11\/psicopedagogico-1536x1536.png 1536w, https:\/\/www.cftestataltarapaca.cl\/inicio\/wp-content\/uploads\/2024\/11\/psicopedagogico-100x100.png 100w, https:\/\/www.cftestataltarapaca.cl\/inicio\/wp-content\/uploads\/2024\/11\/psicopedagogico-140x140.png 140w, https:\/\/www.cftestataltarapaca.cl\/inicio\/wp-content\/uploads\/2024\/11\/psicopedagogico-500x500.png 500w, https:\/\/www.cftestataltarapaca.cl\/inicio\/wp-content\/uploads\/2024\/11\/psicopedagogico-350x350.png 350w, https:\/\/www.cftestataltarapaca.cl\/inicio\/wp-content\/uploads\/2024\/11\/psicopedagogico-1000x1000.png 1000w, https:\/\/www.cftestataltarapaca.cl\/inicio\/wp-content\/uploads\/2024\/11\/psicopedagogico-800x800.png 800w\" sizes=\"auto, 100vw\" alt=\"\" \/><\/div><\/div>[vc_row_inner column_margin=\u00bbdefault\u00bb text_align=\u00bbleft\u00bb][vc_column_inner column_padding=\u00bbpadding-3-percent\u00bb column_padding_position=\u00bball\u00bb background_color_opacity=\u00bb1&#8243; background_hover_color_opacity=\u00bb1&#8243; column_shadow=\u00bbnone\u00bb column_border_radius=\u00bbnone\u00bb width=\u00bb1\/1&#8243; column_border_width=\u00bbnone\u00bb column_border_style=\u00bbsolid\u00bb]<div class=\"img-with-aniamtion-wrap \" data-max-width=\"100%\" data-border-radius=\"none\"><div class=\"inner\"><img loading=\"lazy\" decoding=\"async\" data-shadow=\"none\" data-shadow-direction=\"middle\" class=\"img-with-animation \" data-delay=\"0\" height=\"500\" width=\"500\" data-animation=\"fade-in\" src=\"https:\/\/www.cftestataltarapaca.cl\/inicio\/wp-content\/uploads\/2024\/11\/PSICOPEDAGOGA.png\" srcset=\"https:\/\/www.cftestataltarapaca.cl\/inicio\/wp-content\/uploads\/2024\/11\/PSICOPEDAGOGA.png 500w, https:\/\/www.cftestataltarapaca.cl\/inicio\/wp-content\/uploads\/2024\/11\/PSICOPEDAGOGA-300x300.png 300w, https:\/\/www.cftestataltarapaca.cl\/inicio\/wp-content\/uploads\/2024\/11\/PSICOPEDAGOGA-150x150.png 150w, https:\/\/www.cftestataltarapaca.cl\/inicio\/wp-content\/uploads\/2024\/11\/PSICOPEDAGOGA-100x100.png 100w, https:\/\/www.cftestataltarapaca.cl\/inicio\/wp-content\/uploads\/2024\/11\/PSICOPEDAGOGA-140x140.png 140w, https:\/\/www.cftestataltarapaca.cl\/inicio\/wp-content\/uploads\/2024\/11\/PSICOPEDAGOGA-350x350.png 350w\" sizes=\"auto, 100vw\" alt=\"\" \/><\/div><\/div>[vc_column_text]\n<h3>Mar\u00eda Fernanda Ulloa<br \/>\n<strong>Psicopedagoga<\/strong><br \/>\n<a href=\"mailto:mulloa@cftestataltarapaca.cl\">mulloa@cftestataltarapaca.cl<\/a><\/h3>\n[\/vc_column_text][\/vc_column_inner][\/vc_row_inner][\/vc_column][vc_column centered_text=\u00bbtrue\u00bb column_padding=\u00bbpadding-5-percent\u00bb column_padding_position=\u00bball\u00bb background_color_opacity=\u00bb1&#8243; background_hover_color_opacity=\u00bb1&#8243; column_shadow=\u00bbsmall_depth\u00bb column_border_radius=\u00bb20px\u00bb width=\u00bb1\/2&#8243; tablet_text_alignment=\u00bbdefault\u00bb phone_text_alignment=\u00bbdefault\u00bb column_border_width=\u00bbnone\u00bb][vc_column_text]\n<h2 style=\"color: #35a1be;\">ATENCI\u00d3N PSICOEMOCIONAL<\/h2>\n<p>Escanea el c\u00f3digo QR para reservar una hora o <a href=\"https:\/\/www.cftestataltarapaca.cl\/inicio\/apoyo-psicoemocional\/\"><strong>ingresa aqu\u00ed<\/strong><\/a>.[\/vc_column_text]<div class=\"img-with-aniamtion-wrap \" data-max-width=\"100%\" data-border-radius=\"none\"><div class=\"inner\"><img loading=\"lazy\" decoding=\"async\" data-shadow=\"none\" data-shadow-direction=\"middle\" class=\"img-with-animation \" data-delay=\"0\" height=\"1776\" width=\"1776\" data-animation=\"fade-in\" src=\"https:\/\/www.cftestataltarapaca.cl\/inicio\/wp-content\/uploads\/2024\/11\/psicoemocional.png\" srcset=\"https:\/\/www.cftestataltarapaca.cl\/inicio\/wp-content\/uploads\/2024\/11\/psicoemocional.png 1776w, https:\/\/www.cftestataltarapaca.cl\/inicio\/wp-content\/uploads\/2024\/11\/psicoemocional-300x300.png 300w, https:\/\/www.cftestataltarapaca.cl\/inicio\/wp-content\/uploads\/2024\/11\/psicoemocional-1024x1024.png 1024w, https:\/\/www.cftestataltarapaca.cl\/inicio\/wp-content\/uploads\/2024\/11\/psicoemocional-150x150.png 150w, https:\/\/www.cftestataltarapaca.cl\/inicio\/wp-content\/uploads\/2024\/11\/psicoemocional-768x768.png 768w, https:\/\/www.cftestataltarapaca.cl\/inicio\/wp-content\/uploads\/2024\/11\/psicoemocional-1536x1536.png 1536w, https:\/\/www.cftestataltarapaca.cl\/inicio\/wp-content\/uploads\/2024\/11\/psicoemocional-100x100.png 100w, https:\/\/www.cftestataltarapaca.cl\/inicio\/wp-content\/uploads\/2024\/11\/psicoemocional-140x140.png 140w, https:\/\/www.cftestataltarapaca.cl\/inicio\/wp-content\/uploads\/2024\/11\/psicoemocional-500x500.png 500w, https:\/\/www.cftestataltarapaca.cl\/inicio\/wp-content\/uploads\/2024\/11\/psicoemocional-350x350.png 350w, https:\/\/www.cftestataltarapaca.cl\/inicio\/wp-content\/uploads\/2024\/11\/psicoemocional-1000x1000.png 1000w, https:\/\/www.cftestataltarapaca.cl\/inicio\/wp-content\/uploads\/2024\/11\/psicoemocional-800x800.png 800w\" sizes=\"auto, 100vw\" alt=\"\" \/><\/div><\/div>[vc_row_inner column_margin=\u00bbdefault\u00bb text_align=\u00bbleft\u00bb][vc_column_inner column_padding=\u00bbpadding-3-percent\u00bb column_padding_position=\u00bball\u00bb background_color_opacity=\u00bb1&#8243; background_hover_color_opacity=\u00bb1&#8243; column_shadow=\u00bbnone\u00bb column_border_radius=\u00bbnone\u00bb width=\u00bb1\/1&#8243; column_border_width=\u00bbnone\u00bb column_border_style=\u00bbsolid\u00bb]<div class=\"img-with-aniamtion-wrap \" data-max-width=\"100%\" data-border-radius=\"none\"><div class=\"inner\"><img loading=\"lazy\" decoding=\"async\" data-shadow=\"none\" data-shadow-direction=\"middle\" class=\"img-with-animation \" data-delay=\"0\" height=\"500\" width=\"500\" data-animation=\"fade-in\" src=\"https:\/\/www.cftestataltarapaca.cl\/inicio\/wp-content\/uploads\/2024\/11\/PSICOLOGA.png\" srcset=\"https:\/\/www.cftestataltarapaca.cl\/inicio\/wp-content\/uploads\/2024\/11\/PSICOLOGA.png 500w, https:\/\/www.cftestataltarapaca.cl\/inicio\/wp-content\/uploads\/2024\/11\/PSICOLOGA-300x300.png 300w, https:\/\/www.cftestataltarapaca.cl\/inicio\/wp-content\/uploads\/2024\/11\/PSICOLOGA-150x150.png 150w, https:\/\/www.cftestataltarapaca.cl\/inicio\/wp-content\/uploads\/2024\/11\/PSICOLOGA-100x100.png 100w, https:\/\/www.cftestataltarapaca.cl\/inicio\/wp-content\/uploads\/2024\/11\/PSICOLOGA-140x140.png 140w, https:\/\/www.cftestataltarapaca.cl\/inicio\/wp-content\/uploads\/2024\/11\/PSICOLOGA-350x350.png 350w\" sizes=\"auto, 100vw\" alt=\"\" \/><\/div><\/div>[vc_column_text]\n<h3>Francisca Ram\u00edrez<br \/>\n<strong>Psic\u00f3loga<\/strong><br \/>\n<a href=\"mailto:framirez@cftestataltarapaca.cl\">framirez@cftestataltarapaca.cl<\/a><\/h3>\n[\/vc_column_text][\/vc_column_inner][\/vc_row_inner][\/vc_column][\/vc_row][vc_row type=\u00bbfull_width_background\u00bb full_screen_row_position=\u00bbmiddle\u00bb bg_color=\u00bb#ffffff\u00bb scene_position=\u00bbcenter\u00bb text_color=\u00bbdark\u00bb text_align=\u00bbleft\u00bb top_padding=\u00bb5%\u00bb bottom_padding=\u00bb8%\u00bb overlay_strength=\u00bb0.3&#8243; shape_divider_position=\u00bbbottom\u00bb shape_type=\u00bb\u00bb][vc_column enable_animation=\u00bbtrue\u00bb animation=\u00bbfade-in-from-bottom\u00bb column_padding=\u00bbno-extra-padding\u00bb column_padding_position=\u00bball\u00bb background_color_opacity=\u00bb1&#8243; background_hover_color_opacity=\u00bb1&#8243; column_shadow=\u00bbnone\u00bb column_border_radius=\u00bbnone\u00bb width=\u00bb1\/1&#8243; tablet_text_alignment=\u00bbdefault\u00bb phone_text_alignment=\u00bbdefault\u00bb column_border_width=\u00bbnone\u00bb column_border_style=\u00bbsolid\u00bb][vc_column_text css=\u00bb.vc_custom_1685919009795{padding-bottom: 20px !important;}\u00bb]\n<h2 style=\"text-align: center;\">Noticias<\/h2>\n[\/vc_column_text]\t\t\t<div class=\"row blog-recent columns-3\" data-style=\"classic_enhanced\" data-color-scheme=\"light\">\n\t\t\t\t\n\t\t\t\t\n\t\t\t\t<div class=\"col span_4 post-16616 post type-post status-publish format-standard has-post-thumbnail hentry category-academico\" >\n\t\t\t\t\t\n\t\t\t\t\t\n\t\t\t\t\t\t\t<div class=\"inner-wrap post-16616 post type-post status-publish format-standard has-post-thumbnail hentry category-academico\">\n\n\t\t\t\t\t\t\t<a href=\"https:\/\/www.cftestataltarapaca.cl\/inicio\/2026\/04\/10\/estudiantes-de-tns-en-educacion-parvularia-crean-innovadores-prototipos-inclusivos-con-metodo-scamper\/\" class=\"img-link\"><span class=\"post-featured-img\"><img loading=\"lazy\" decoding=\"async\" width=\"600\" height=\"403\" src=\"https:\/\/www.cftestataltarapaca.cl\/inicio\/wp-content\/uploads\/2026\/04\/IMG_3575-600x403.jpg\" class=\"attachment-portfolio-thumb size-portfolio-thumb wp-post-image\" alt=\"\" title=\"\" sizes=\"auto, (min-width: 1300px) 33vw, (min-width: 1000px) 33vw, (min-width: 690px) 100vw, 100vw\" srcset=\"https:\/\/www.cftestataltarapaca.cl\/inicio\/wp-content\/uploads\/2026\/04\/IMG_3575-600x403.jpg 600w, https:\/\/www.cftestataltarapaca.cl\/inicio\/wp-content\/uploads\/2026\/04\/IMG_3575-400x269.jpg 400w\" \/><\/span><\/a>\n\t\t\t\t\t\t\t<span class=\"meta-category\"><a class=\"academico\" href=\"https:\/\/www.cftestataltarapaca.cl\/inicio\/category\/academico\/\">Acad\u00e9mico<\/a><\/span>\t\t\t\t\t\t\t\t\n\t\t\t\t\t\t\t<a class=\"entire-meta-link\" href=\"https:\/\/www.cftestataltarapaca.cl\/inicio\/2026\/04\/10\/estudiantes-de-tns-en-educacion-parvularia-crean-innovadores-prototipos-inclusivos-con-metodo-scamper\/\"><\/a>\n\n\t\t\t\t\t\t\t<div class=\"article-content-wrap\">\n\t\t\t\t\t\t\t\t<div class=\"post-header\">\n\t\t\t\t\t\t\t\t\t<span class=\"meta\"> 10\/04\/2026 <\/span> \n\t\t\t\t\t\t\t\t\t<h3 class=\"title\">Estudiantes de TNS en Educaci\u00f3n Parvularia crean innovadores prototipos inclusivos con m\u00e9todo Scamper<\/h3>\t\n\t\t\t\t\t\t\t\t<\/div><!--\/post-header-->\n\t\t\t\t\t\t\t\t<div class=\"excerpt\">\n\t\t\t\t\t\t\t\t\tEstudiantes de primer semestre de TNS en Educaci\u00f3n Parvularia del CFT Estatal de Tarapac\u00e1 dieron vida a innovadores prototipos mediante el m\u00e9todo Scamper, transformando objetos cotidianos en herramientas orientadas a&hellip;\t\t\t\t\t\t\t\t<\/div>\n\t\t\t\t\t\t\t<\/div>\n\t\t\t\t\t\t\t\n\t\t\t\t\t\t\t<div class=\"post-meta\">\n\t\t\t\t\t\t\t\t<span class=\"meta-author\"> <a href=\"https:\/\/www.cftestataltarapaca.cl\/inicio\/author\/comunicaciones\/\"> <i class=\"icon-default-style icon-salient-m-user\"><\/i> Comunicaciones<\/a> <\/span> \n\t\t\t\t\t\t\t\t\n\t\t\t\t\t\t\t\t\t\t\t\t\t\t\t\t\t<span class=\"meta-comment-count\">  <a href=\"https:\/\/www.cftestataltarapaca.cl\/inicio\/2026\/04\/10\/estudiantes-de-tns-en-educacion-parvularia-crean-innovadores-prototipos-inclusivos-con-metodo-scamper\/#respond\">\n\t\t\t\t\t\t\t\t\t\t<i class=\"icon-default-style steadysets-icon-chat-3\"><\/i> 0<\/a>\n\t\t\t\t\t\t\t\t\t<\/span>\n\t\t\t\t\t\t\t\t\t\t\t\t\t\t\t\t\n\t\t\t\t\t\t\t\t<div class=\"nectar-love-wrap\">\n\t\t\t\t\t\t\t\t\t<a href=\"#\" class=\"nectar-love\" id=\"nectar-love-16616\" title=\"Love this\"> <i class=\"icon-salient-heart-2\"><\/i><span class=\"nectar-love-count\">0<\/span><\/a>\t\t\t\t\t\t\t\t<\/div><!--\/nectar-love-wrap-->\t\n\t\t\t\t\t\t\t<\/div>\n\n\t\t\t\t\t\t<\/div>\n\n\t\t\t\t\t\t\t\t\t\t\t\n\t\t\t\t<\/div><!--\/col-->\n\t\t\t\t\n\t\t\t\t\n\t\t\t\t<div class=\"col span_4 post-16516 post type-post status-publish format-standard has-post-thumbnail hentry category-academico category-vinculacion\" >\n\t\t\t\t\t\n\t\t\t\t\t\n\t\t\t\t\t\t\t<div class=\"inner-wrap post-16516 post type-post status-publish format-standard has-post-thumbnail hentry category-academico category-vinculacion\">\n\n\t\t\t\t\t\t\t<a href=\"https:\/\/www.cftestataltarapaca.cl\/inicio\/2026\/04\/01\/estudiantes-de-tns-en-electricidad-industrial-realizan-visita-guiada-a-la-subestacion-condores\/\" class=\"img-link\"><span class=\"post-featured-img\"><img loading=\"lazy\" decoding=\"async\" width=\"600\" height=\"403\" src=\"https:\/\/www.cftestataltarapaca.cl\/inicio\/wp-content\/uploads\/2026\/04\/658151912_2041937826499357_9139087099125243886_n-600x403.jpg\" class=\"attachment-portfolio-thumb size-portfolio-thumb wp-post-image\" alt=\"\" title=\"\" sizes=\"auto, (min-width: 1300px) 33vw, (min-width: 1000px) 33vw, (min-width: 690px) 100vw, 100vw\" srcset=\"https:\/\/www.cftestataltarapaca.cl\/inicio\/wp-content\/uploads\/2026\/04\/658151912_2041937826499357_9139087099125243886_n-600x403.jpg 600w, https:\/\/www.cftestataltarapaca.cl\/inicio\/wp-content\/uploads\/2026\/04\/658151912_2041937826499357_9139087099125243886_n-400x269.jpg 400w\" \/><\/span><\/a>\n\t\t\t\t\t\t\t<span class=\"meta-category\"><a class=\"academico\" href=\"https:\/\/www.cftestataltarapaca.cl\/inicio\/category\/academico\/\">Acad\u00e9mico<\/a><a class=\"vinculacion\" href=\"https:\/\/www.cftestataltarapaca.cl\/inicio\/category\/vinculacion\/\">Vinculaci\u00f3n<\/a><\/span>\t\t\t\t\t\t\t\t\n\t\t\t\t\t\t\t<a class=\"entire-meta-link\" href=\"https:\/\/www.cftestataltarapaca.cl\/inicio\/2026\/04\/01\/estudiantes-de-tns-en-electricidad-industrial-realizan-visita-guiada-a-la-subestacion-condores\/\"><\/a>\n\n\t\t\t\t\t\t\t<div class=\"article-content-wrap\">\n\t\t\t\t\t\t\t\t<div class=\"post-header\">\n\t\t\t\t\t\t\t\t\t<span class=\"meta\"> 01\/04\/2026 <\/span> \n\t\t\t\t\t\t\t\t\t<h3 class=\"title\">Estudiantes de TNS en Electricidad Industrial realizan visita guiada a la subestaci\u00f3n C\u00f3ndores<\/h3>\t\n\t\t\t\t\t\t\t\t<\/div><!--\/post-header-->\n\t\t\t\t\t\t\t\t<div class=\"excerpt\">\n\t\t\t\t\t\t\t\t\tNuestros estudiantes de TNS en Electricidad Industrial concretaron una visita a terreno a las instalaciones de la Subestaci\u00f3n C\u00f3ndores, en el que la empresa STN llev\u00f3 a cabo el recorrido&hellip;\t\t\t\t\t\t\t\t<\/div>\n\t\t\t\t\t\t\t<\/div>\n\t\t\t\t\t\t\t\n\t\t\t\t\t\t\t<div class=\"post-meta\">\n\t\t\t\t\t\t\t\t<span class=\"meta-author\"> <a href=\"https:\/\/www.cftestataltarapaca.cl\/inicio\/author\/comunicaciones\/\"> <i class=\"icon-default-style icon-salient-m-user\"><\/i> Comunicaciones<\/a> <\/span> \n\t\t\t\t\t\t\t\t\n\t\t\t\t\t\t\t\t\t\t\t\t\t\t\t\t\t<span class=\"meta-comment-count\">  <a href=\"https:\/\/www.cftestataltarapaca.cl\/inicio\/2026\/04\/01\/estudiantes-de-tns-en-electricidad-industrial-realizan-visita-guiada-a-la-subestacion-condores\/#respond\">\n\t\t\t\t\t\t\t\t\t\t<i class=\"icon-default-style steadysets-icon-chat-3\"><\/i> 0<\/a>\n\t\t\t\t\t\t\t\t\t<\/span>\n\t\t\t\t\t\t\t\t\t\t\t\t\t\t\t\t\n\t\t\t\t\t\t\t\t<div class=\"nectar-love-wrap\">\n\t\t\t\t\t\t\t\t\t<a href=\"#\" class=\"nectar-love\" id=\"nectar-love-16516\" title=\"Love this\"> <i class=\"icon-salient-heart-2\"><\/i><span class=\"nectar-love-count\">0<\/span><\/a>\t\t\t\t\t\t\t\t<\/div><!--\/nectar-love-wrap-->\t\n\t\t\t\t\t\t\t<\/div>\n\n\t\t\t\t\t\t<\/div>\n\n\t\t\t\t\t\t\t\t\t\t\t\n\t\t\t\t<\/div><!--\/col-->\n\t\t\t\t\n\t\t\t\t\n\t\t\t\t<div class=\"col span_4 post-16511 post type-post status-publish format-standard has-post-thumbnail hentry category-academico\" >\n\t\t\t\t\t\n\t\t\t\t\t\n\t\t\t\t\t\t\t<div class=\"inner-wrap post-16511 post type-post status-publish format-standard has-post-thumbnail hentry category-academico\">\n\n\t\t\t\t\t\t\t<a href=\"https:\/\/www.cftestataltarapaca.cl\/inicio\/2026\/03\/30\/cft-estatal-tarapaca-impulsa-la-formacion-tecnica-en-mineria-con-foco-en-la-participacion-femenina\/\" class=\"img-link\"><span class=\"post-featured-img\"><img loading=\"lazy\" decoding=\"async\" width=\"600\" height=\"403\" src=\"https:\/\/www.cftestataltarapaca.cl\/inicio\/wp-content\/uploads\/2026\/04\/IMG_3364-600x403.jpg\" class=\"attachment-portfolio-thumb size-portfolio-thumb wp-post-image\" alt=\"\" title=\"\" sizes=\"auto, (min-width: 1300px) 33vw, (min-width: 1000px) 33vw, (min-width: 690px) 100vw, 100vw\" srcset=\"https:\/\/www.cftestataltarapaca.cl\/inicio\/wp-content\/uploads\/2026\/04\/IMG_3364-600x403.jpg 600w, https:\/\/www.cftestataltarapaca.cl\/inicio\/wp-content\/uploads\/2026\/04\/IMG_3364-400x269.jpg 400w\" \/><\/span><\/a>\n\t\t\t\t\t\t\t<span class=\"meta-category\"><a class=\"academico\" href=\"https:\/\/www.cftestataltarapaca.cl\/inicio\/category\/academico\/\">Acad\u00e9mico<\/a><\/span>\t\t\t\t\t\t\t\t\n\t\t\t\t\t\t\t<a class=\"entire-meta-link\" href=\"https:\/\/www.cftestataltarapaca.cl\/inicio\/2026\/03\/30\/cft-estatal-tarapaca-impulsa-la-formacion-tecnica-en-mineria-con-foco-en-la-participacion-femenina\/\"><\/a>\n\n\t\t\t\t\t\t\t<div class=\"article-content-wrap\">\n\t\t\t\t\t\t\t\t<div class=\"post-header\">\n\t\t\t\t\t\t\t\t\t<span class=\"meta\"> 30\/03\/2026 <\/span> \n\t\t\t\t\t\t\t\t\t<h3 class=\"title\">CFT Estatal Tarapac\u00e1 impulsa la formaci\u00f3n t\u00e9cnica en miner\u00eda con foco en la participaci\u00f3n femenina<\/h3>\t\n\t\t\t\t\t\t\t\t<\/div><!--\/post-header-->\n\t\t\t\t\t\t\t\t<div class=\"excerpt\">\n\t\t\t\t\t\t\t\t\tEn una regi\u00f3n donde la miner\u00eda constituye el principal motor productivo, la formaci\u00f3n de capital humano especializado resulta clave para el desarrollo local. En este contexto, el CFT Estatal Tarapac\u00e1&hellip;\t\t\t\t\t\t\t\t<\/div>\n\t\t\t\t\t\t\t<\/div>\n\t\t\t\t\t\t\t\n\t\t\t\t\t\t\t<div class=\"post-meta\">\n\t\t\t\t\t\t\t\t<span class=\"meta-author\"> <a href=\"https:\/\/www.cftestataltarapaca.cl\/inicio\/author\/comunicaciones\/\"> <i class=\"icon-default-style icon-salient-m-user\"><\/i> Comunicaciones<\/a> <\/span> \n\t\t\t\t\t\t\t\t\n\t\t\t\t\t\t\t\t\t\t\t\t\t\t\t\t\t<span class=\"meta-comment-count\">  <a href=\"https:\/\/www.cftestataltarapaca.cl\/inicio\/2026\/03\/30\/cft-estatal-tarapaca-impulsa-la-formacion-tecnica-en-mineria-con-foco-en-la-participacion-femenina\/#respond\">\n\t\t\t\t\t\t\t\t\t\t<i class=\"icon-default-style steadysets-icon-chat-3\"><\/i> 0<\/a>\n\t\t\t\t\t\t\t\t\t<\/span>\n\t\t\t\t\t\t\t\t\t\t\t\t\t\t\t\t\n\t\t\t\t\t\t\t\t<div class=\"nectar-love-wrap\">\n\t\t\t\t\t\t\t\t\t<a href=\"#\" class=\"nectar-love\" id=\"nectar-love-16511\" title=\"Love this\"> <i class=\"icon-salient-heart-2\"><\/i><span class=\"nectar-love-count\">0<\/span><\/a>\t\t\t\t\t\t\t\t<\/div><!--\/nectar-love-wrap-->\t\n\t\t\t\t\t\t\t<\/div>\n\n\t\t\t\t\t\t<\/div>\n\n\t\t\t\t\t\t\t\t\t\t\t\n\t\t\t\t<\/div><!--\/col-->\n\t\t\t\t\n\t\t\t\t\t\t\n\t\t\t<\/div><!--\/blog-recent-->\n\t\t\n\t\t[\/vc_column][\/vc_row]\n","protected":false},"excerpt":{"rendered":"<p>[vc_row type=\u00bbfull_width_content\u00bb full_screen_row_position=\u00bbmiddle\u00bb scene_position=\u00bbcenter\u00bb text_color=\u00bbdark\u00bb text_align=\u00bbleft\u00bb overlay_strength=\u00bb0.3&#8243; shape_divider_position=\u00bbbottom\u00bb shape_type=\u00bb\u00bb][vc_column column_padding=\u00bbno-extra-padding\u00bb column_padding_position=\u00bball\u00bb background_color_opacity=\u00bb1&#8243; background_hover_color_opacity=\u00bb1&#8243; column_shadow=\u00bbnone\u00bb column_border_radius=\u00bbnone\u00bb width=\u00bb1\/1&#8243; tablet_text_alignment=\u00bbdefault\u00bb phone_text_alignment=\u00bbdefault\u00bb column_border_width=\u00bbnone\u00bb column_border_style=\u00bbsolid\u00bb][\/vc_column][\/vc_row][vc_row type=\u00bbin_container\u00bb full_screen_row_position=\u00bbmiddle\u00bb scene_position=\u00bbcenter\u00bb text_color=\u00bbdark\u00bb text_align=\u00bbleft\u00bb disable_element=\u00bbyes\u00bb overlay_strength=\u00bb0.3&#8243; shape_divider_position=\u00bbbottom\u00bb shape_type=\u00bb\u00bb][vc_column column_padding=\u00bbno-extra-padding\u00bb&#8230;<\/p>\n","protected":false},"author":1,"featured_media":0,"parent":0,"menu_order":0,"comment_status":"open","ping_status":"open","template":"","meta":{"_joinchat":[],"footnotes":""},"class_list":["post-10539","page","type-page","status-publish","hentry"],"yoast_head":"<!-- This site is optimized with the Yoast SEO plugin v27.4 - https:\/\/yoast.com\/product\/yoast-seo-wordpress\/ -->\n<title>Asuntos Estudiantiles - CFT Estatal Tarapac\u00e1<\/title>\n<meta name=\"description\" content=\"Bienvenidos al sitio de la Coordinaci\u00f3n de Asuntos Estudiantiles del #CFTEstatalTarapac\u00e1.\" \/>\n<meta name=\"robots\" content=\"index, follow, max-snippet:-1, max-image-preview:large, max-video-preview:-1\" \/>\n<link rel=\"canonical\" href=\"https:\/\/www.cftestataltarapaca.cl\/inicio\/asuntos-estudiantiles\/\" \/>\n<meta property=\"og:locale\" content=\"es_ES\" \/>\n<meta property=\"og:type\" content=\"article\" \/>\n<meta property=\"og:title\" content=\"Asuntos Estudiantiles - CFT Estatal Tarapac\u00e1\" \/>\n<meta property=\"og:description\" content=\"Bienvenidos al sitio de la Coordinaci\u00f3n de Asuntos Estudiantiles del #CFTEstatalTarapac\u00e1.\" \/>\n<meta property=\"og:url\" content=\"https:\/\/www.cftestataltarapaca.cl\/inicio\/asuntos-estudiantiles\/\" \/>\n<meta property=\"og:site_name\" content=\"CFT Estatal Tarapac\u00e1\" \/>\n<meta property=\"article:publisher\" content=\"https:\/\/www.facebook.com\/CFTestataltarapaca\/\" \/>\n<meta property=\"article:modified_time\" content=\"2024-11-12T14:56:43+00:00\" \/>\n<meta name=\"twitter:card\" content=\"summary_large_image\" \/>\n<meta name=\"twitter:site\" content=\"@CFTesTarapaca\" \/>\n<meta name=\"twitter:label1\" content=\"Tiempo de lectura\" \/>\n\t<meta name=\"twitter:data1\" content=\"2 minutos\" \/>\n<script type=\"application\/ld+json\" class=\"yoast-schema-graph\">{\"@context\":\"https:\\\/\\\/schema.org\",\"@graph\":[{\"@type\":\"WebPage\",\"@id\":\"https:\\\/\\\/www.cftestataltarapaca.cl\\\/inicio\\\/asuntos-estudiantiles\\\/\",\"url\":\"https:\\\/\\\/www.cftestataltarapaca.cl\\\/inicio\\\/asuntos-estudiantiles\\\/\",\"name\":\"Asuntos Estudiantiles - CFT Estatal Tarapac\u00e1\",\"isPartOf\":{\"@id\":\"https:\\\/\\\/www.cftestataltarapaca.cl\\\/inicio\\\/#website\"},\"datePublished\":\"2023-06-19T16:39:03+00:00\",\"dateModified\":\"2024-11-12T14:56:43+00:00\",\"description\":\"Bienvenidos al sitio de la Coordinaci\u00f3n de Asuntos Estudiantiles del #CFTEstatalTarapac\u00e1.\",\"breadcrumb\":{\"@id\":\"https:\\\/\\\/www.cftestataltarapaca.cl\\\/inicio\\\/asuntos-estudiantiles\\\/#breadcrumb\"},\"inLanguage\":\"es\",\"potentialAction\":[{\"@type\":\"ReadAction\",\"target\":[\"https:\\\/\\\/www.cftestataltarapaca.cl\\\/inicio\\\/asuntos-estudiantiles\\\/\"]}]},{\"@type\":\"BreadcrumbList\",\"@id\":\"https:\\\/\\\/www.cftestataltarapaca.cl\\\/inicio\\\/asuntos-estudiantiles\\\/#breadcrumb\",\"itemListElement\":[{\"@type\":\"ListItem\",\"position\":1,\"name\":\"Portada\",\"item\":\"https:\\\/\\\/www.cftestataltarapaca.cl\\\/inicio\\\/\"},{\"@type\":\"ListItem\",\"position\":2,\"name\":\"Asuntos Estudiantiles\"}]},{\"@type\":\"WebSite\",\"@id\":\"https:\\\/\\\/www.cftestataltarapaca.cl\\\/inicio\\\/#website\",\"url\":\"https:\\\/\\\/www.cftestataltarapaca.cl\\\/inicio\\\/\",\"name\":\"CFT Estatal Tarapac\u00e1\",\"description\":\"Admisi\u00f3n 2025\",\"publisher\":{\"@id\":\"https:\\\/\\\/www.cftestataltarapaca.cl\\\/inicio\\\/#organization\"},\"potentialAction\":[{\"@type\":\"SearchAction\",\"target\":{\"@type\":\"EntryPoint\",\"urlTemplate\":\"https:\\\/\\\/www.cftestataltarapaca.cl\\\/inicio\\\/?s={search_term_string}\"},\"query-input\":{\"@type\":\"PropertyValueSpecification\",\"valueRequired\":true,\"valueName\":\"search_term_string\"}}],\"inLanguage\":\"es\"},{\"@type\":\"Organization\",\"@id\":\"https:\\\/\\\/www.cftestataltarapaca.cl\\\/inicio\\\/#organization\",\"name\":\"CFT Estatal Tarapac\u00e1\",\"url\":\"https:\\\/\\\/www.cftestataltarapaca.cl\\\/inicio\\\/\",\"logo\":{\"@type\":\"ImageObject\",\"inLanguage\":\"es\",\"@id\":\"https:\\\/\\\/www.cftestataltarapaca.cl\\\/inicio\\\/#\\\/schema\\\/logo\\\/image\\\/\",\"url\":\"https:\\\/\\\/www.cftestataltarapaca.cl\\\/inicio\\\/wp-content\\\/uploads\\\/2019\\\/03\\\/logo-retina-1.png\",\"contentUrl\":\"https:\\\/\\\/www.cftestataltarapaca.cl\\\/inicio\\\/wp-content\\\/uploads\\\/2019\\\/03\\\/logo-retina-1.png\",\"width\":401,\"height\":150,\"caption\":\"CFT Estatal Tarapac\u00e1\"},\"image\":{\"@id\":\"https:\\\/\\\/www.cftestataltarapaca.cl\\\/inicio\\\/#\\\/schema\\\/logo\\\/image\\\/\"},\"sameAs\":[\"https:\\\/\\\/www.facebook.com\\\/CFTestataltarapaca\\\/\",\"https:\\\/\\\/x.com\\\/CFTesTarapaca\",\"https:\\\/\\\/www.instagram.com\\\/CFTestataltarapaca\\\/\"]}]}<\/script>\n<!-- \/ Yoast SEO plugin. -->","yoast_head_json":{"title":"Asuntos Estudiantiles - CFT Estatal Tarapac\u00e1","description":"Bienvenidos al sitio de la Coordinaci\u00f3n de Asuntos Estudiantiles del #CFTEstatalTarapac\u00e1.","robots":{"index":"index","follow":"follow","max-snippet":"max-snippet:-1","max-image-preview":"max-image-preview:large","max-video-preview":"max-video-preview:-1"},"canonical":"https:\/\/www.cftestataltarapaca.cl\/inicio\/asuntos-estudiantiles\/","og_locale":"es_ES","og_type":"article","og_title":"Asuntos Estudiantiles - CFT Estatal Tarapac\u00e1","og_description":"Bienvenidos al sitio de la Coordinaci\u00f3n de Asuntos Estudiantiles del #CFTEstatalTarapac\u00e1.","og_url":"https:\/\/www.cftestataltarapaca.cl\/inicio\/asuntos-estudiantiles\/","og_site_name":"CFT Estatal Tarapac\u00e1","article_publisher":"https:\/\/www.facebook.com\/CFTestataltarapaca\/","article_modified_time":"2024-11-12T14:56:43+00:00","twitter_card":"summary_large_image","twitter_site":"@CFTesTarapaca","twitter_misc":{"Tiempo de lectura":"2 minutos"},"schema":{"@context":"https:\/\/schema.org","@graph":[{"@type":"WebPage","@id":"https:\/\/www.cftestataltarapaca.cl\/inicio\/asuntos-estudiantiles\/","url":"https:\/\/www.cftestataltarapaca.cl\/inicio\/asuntos-estudiantiles\/","name":"Asuntos Estudiantiles - CFT Estatal Tarapac\u00e1","isPartOf":{"@id":"https:\/\/www.cftestataltarapaca.cl\/inicio\/#website"},"datePublished":"2023-06-19T16:39:03+00:00","dateModified":"2024-11-12T14:56:43+00:00","description":"Bienvenidos al sitio de la Coordinaci\u00f3n de Asuntos Estudiantiles del #CFTEstatalTarapac\u00e1.","breadcrumb":{"@id":"https:\/\/www.cftestataltarapaca.cl\/inicio\/asuntos-estudiantiles\/#breadcrumb"},"inLanguage":"es","potentialAction":[{"@type":"ReadAction","target":["https:\/\/www.cftestataltarapaca.cl\/inicio\/asuntos-estudiantiles\/"]}]},{"@type":"BreadcrumbList","@id":"https:\/\/www.cftestataltarapaca.cl\/inicio\/asuntos-estudiantiles\/#breadcrumb","itemListElement":[{"@type":"ListItem","position":1,"name":"Portada","item":"https:\/\/www.cftestataltarapaca.cl\/inicio\/"},{"@type":"ListItem","position":2,"name":"Asuntos Estudiantiles"}]},{"@type":"WebSite","@id":"https:\/\/www.cftestataltarapaca.cl\/inicio\/#website","url":"https:\/\/www.cftestataltarapaca.cl\/inicio\/","name":"CFT Estatal Tarapac\u00e1","description":"Admisi\u00f3n 2025","publisher":{"@id":"https:\/\/www.cftestataltarapaca.cl\/inicio\/#organization"},"potentialAction":[{"@type":"SearchAction","target":{"@type":"EntryPoint","urlTemplate":"https:\/\/www.cftestataltarapaca.cl\/inicio\/?s={search_term_string}"},"query-input":{"@type":"PropertyValueSpecification","valueRequired":true,"valueName":"search_term_string"}}],"inLanguage":"es"},{"@type":"Organization","@id":"https:\/\/www.cftestataltarapaca.cl\/inicio\/#organization","name":"CFT Estatal Tarapac\u00e1","url":"https:\/\/www.cftestataltarapaca.cl\/inicio\/","logo":{"@type":"ImageObject","inLanguage":"es","@id":"https:\/\/www.cftestataltarapaca.cl\/inicio\/#\/schema\/logo\/image\/","url":"https:\/\/www.cftestataltarapaca.cl\/inicio\/wp-content\/uploads\/2019\/03\/logo-retina-1.png","contentUrl":"https:\/\/www.cftestataltarapaca.cl\/inicio\/wp-content\/uploads\/2019\/03\/logo-retina-1.png","width":401,"height":150,"caption":"CFT Estatal Tarapac\u00e1"},"image":{"@id":"https:\/\/www.cftestataltarapaca.cl\/inicio\/#\/schema\/logo\/image\/"},"sameAs":["https:\/\/www.facebook.com\/CFTestataltarapaca\/","https:\/\/x.com\/CFTesTarapaca","https:\/\/www.instagram.com\/CFTestataltarapaca\/"]}]}},"publishpress_future_workflow_manual_trigger":{"enabledWorkflows":[]},"_links":{"self":[{"href":"https:\/\/www.cftestataltarapaca.cl\/inicio\/wp-json\/wp\/v2\/pages\/10539","targetHints":{"allow":["GET"]}}],"collection":[{"href":"https:\/\/www.cftestataltarapaca.cl\/inicio\/wp-json\/wp\/v2\/pages"}],"about":[{"href":"https:\/\/www.cftestataltarapaca.cl\/inicio\/wp-json\/wp\/v2\/types\/page"}],"author":[{"embeddable":true,"href":"https:\/\/www.cftestataltarapaca.cl\/inicio\/wp-json\/wp\/v2\/users\/1"}],"replies":[{"embeddable":true,"href":"https:\/\/www.cftestataltarapaca.cl\/inicio\/wp-json\/wp\/v2\/comments?post=10539"}],"version-history":[{"count":58,"href":"https:\/\/www.cftestataltarapaca.cl\/inicio\/wp-json\/wp\/v2\/pages\/10539\/revisions"}],"predecessor-version":[{"id":12982,"href":"https:\/\/www.cftestataltarapaca.cl\/inicio\/wp-json\/wp\/v2\/pages\/10539\/revisions\/12982"}],"wp:attachment":[{"href":"https:\/\/www.cftestataltarapaca.cl\/inicio\/wp-json\/wp\/v2\/media?parent=10539"}],"curies":[{"name":"wp","href":"https:\/\/api.w.org\/{rel}","templated":true}]}}