{"id":1095,"date":"2019-03-12T13:41:28","date_gmt":"2019-03-12T13:41:28","guid":{"rendered":"http:\/\/www.cftestataltarapaca.cl\/inicio\/?page_id=1095"},"modified":"2026-04-13T08:38:57","modified_gmt":"2026-04-13T12:38:57","slug":"directorio","status":"publish","type":"page","link":"https:\/\/www.cftestataltarapaca.cl\/inicio\/directorio\/","title":{"rendered":"Directorio"},"content":{"rendered":"[vc_row type=\u00bbfull_width_background\u00bb full_screen_row_position=\u00bbmiddle\u00bb scene_position=\u00bbcenter\u00bb text_color=\u00bblight\u00bb text_align=\u00bbleft\u00bb enable_gradient=\u00bbtrue\u00bb color_overlay=\u00bb#3396c6&#8243; color_overlay_2=\u00bb#65b5e6&#8243; gradient_direction=\u00bbleft_to_right\u00bb overlay_strength=\u00bb1&#8243; shape_divider_position=\u00bbbottom\u00bb shape_type=\u00bb\u00bb][vc_column column_padding=\u00bbno-extra-padding\u00bb column_padding_position=\u00bball\u00bb background_color_opacity=\u00bb1&#8243; background_hover_color_opacity=\u00bb1&#8243; column_shadow=\u00bbnone\u00bb column_border_radius=\u00bbnone\u00bb top_margin=\u00bb20&#8243; bottom_margin=\u00bb20&#8243; width=\u00bb1\/1&#8243; tablet_text_alignment=\u00bbdefault\u00bb phone_text_alignment=\u00bbdefault\u00bb column_border_width=\u00bbnone\u00bb column_border_style=\u00bbsolid\u00bb][vc_column_text css=\u00bb.vc_custom_1552657788683{padding-top: 35px !important;}\u00bb]\n<h2 style=\"text-align: center;\">DIRECTORIO<\/h2>\n[\/vc_column_text][\/vc_column][\/vc_row][vc_row type=\u00bbin_container\u00bb full_screen_row_position=\u00bbmiddle\u00bb scene_position=\u00bbcenter\u00bb text_color=\u00bbdark\u00bb text_align=\u00bbleft\u00bb overlay_strength=\u00bb0.3&#8243; shape_divider_position=\u00bbbottom\u00bb][vc_column column_padding=\u00bbno-extra-padding\u00bb column_padding_position=\u00bball\u00bb background_color_opacity=\u00bb1&#8243; background_hover_color_opacity=\u00bb1&#8243; column_shadow=\u00bbnone\u00bb column_border_radius=\u00bbnone\u00bb width=\u00bb1\/1&#8243; tablet_text_alignment=\u00bbdefault\u00bb phone_text_alignment=\u00bbdefault\u00bb column_border_width=\u00bbnone\u00bb column_border_style=\u00bbsolid\u00bb]<div class=\"divider-wrap\"><div style=\"margin-top: 12px; height: 1px; margin-bottom: 12px;\" data-width=\"100%\" data-animate=\"\" data-animation-delay=\"\" data-color=\"default\" class=\"divider-border\"><\/div><\/div>[\/vc_column][\/vc_row][vc_row type=\u00bbin_container\u00bb full_screen_row_position=\u00bbmiddle\u00bb scene_position=\u00bbcenter\u00bb text_color=\u00bbdark\u00bb text_align=\u00bbleft\u00bb overlay_strength=\u00bb0.3&#8243; shape_divider_position=\u00bbbottom\u00bb][vc_column column_padding=\u00bbno-extra-padding\u00bb column_padding_position=\u00bball\u00bb background_color_opacity=\u00bb1&#8243; background_hover_color_opacity=\u00bb1&#8243; column_shadow=\u00bbnone\u00bb column_border_radius=\u00bbnone\u00bb width=\u00bb1\/1&#8243; tablet_text_alignment=\u00bbdefault\u00bb phone_text_alignment=\u00bbdefault\u00bb column_border_width=\u00bbnone\u00bb column_border_style=\u00bbsolid\u00bb][vc_column_text]<button id=\"bb1\" type=\"button\" value=\"Play\" class=\"responsivevoice-button\" title=\"ResponsiveVoice Tap to Start\/Stop Speech\"><span>&#128266; Escuchar<\/span><\/button>\n        <script>\n            bb1.onclick = function(){\n                if(responsiveVoice.isPlaying()){\n                    responsiveVoice.cancel();\n                }else{\n                    responsiveVoice.speak(\"En 31 enero de 2018 se llev\u00f3 a cabo la primera sesi\u00f3n del Directorio del Centro de Formaci\u00f3n T\u00e9cnica (CFT) de la Regi\u00f3n de Tarapac\u00e1. El organismo est\u00e1 integrado por el Rector(s) de CFT Estatal Tarapac\u00e1, Roberto Urdanivia Carvajal; representante del Ministerio de educaci\u00f3n, Pamela Toro Espinoza; rector Universidad Arturo Prat (instituci\u00f3n tutora), Alberto Mart\u00ednez Quezada; directora regional de la CORFO, Catalina Cort\u00e9s Cort\u00e9s; directora(S) regional del SENCE, Claudia Zepeda Rojas; gerente de la Asociaci\u00f3n de Industriales de Iquique (instituci\u00f3n que representa las empresas relacionadas con las \u00e1reas de desarrollo estrat\u00e9gico), Marcos G\u00f3mez Barrera; representante de los liceos t\u00e9cnicos profesionales de la regi\u00f3n, Luis Z\u00fa\u00f1iga Contreras y Esmeralda Contreras Fedrigolli, de la CUT (organizaci\u00f3n sindical que cuente con el mayor n\u00famero de afiliados en la regi\u00f3n). El Directorio se rige por un reglamento que establece la periodicidad de las sesiones, las modalidades de funcionamiento interno, qu\u00f3rum de sesi\u00f3n, entre otras materias. Las funciones que cumple son aprobaci\u00f3n de pol\u00edticas y proyectos que proponga el Rector para dar cumplimiento a los fines del Centro de Formaci\u00f3n T\u00e9cnica; el presupuesto anual; la creaci\u00f3n, modificaci\u00f3n o supresi\u00f3n de diplomas, certificaciones, planes de estudio y t\u00edtulos t\u00e9cnicos de nivel superior o certificaciones de competencias, entre otras responsabilidades.\", \"Spanish Latin American Female\");\n                }\n            };\n        <\/script>\n    \n<p style=\"text-align: justify;\">En 31 enero de 2018 se llev\u00f3 a cabo la primera sesi\u00f3n del Directorio del Centro de Formaci\u00f3n T\u00e9cnica (CFT) de la Regi\u00f3n de Tarapac\u00e1.<\/p>\n<p style=\"text-align: justify;\">El organismo est\u00e1 integrado por el Rector(s) de CFT Estatal Tarapac\u00e1, Roberto Urdanivia Carvajal; representante del Ministerio de educaci\u00f3n, Pamela Toro Espinoza; rector Universidad Arturo Prat (instituci\u00f3n tutora), Alberto Mart\u00ednez Quezada; directora regional de la CORFO, Catalina Cort\u00e9s Cort\u00e9s; directora(S) regional del SENCE, Claudia Zepeda Rojas; gerente de la Asociaci\u00f3n de Industriales de Iquique (instituci\u00f3n que representa las empresas relacionadas con las \u00e1reas de desarrollo estrat\u00e9gico), Marcos G\u00f3mez Barrera; representante de los liceos t\u00e9cnicos profesionales de la regi\u00f3n, Luis Z\u00fa\u00f1iga Contreras y Esmeralda Contreras Fedrigolli, de la CUT (organizaci\u00f3n sindical que cuente con el mayor n\u00famero de afiliados en la regi\u00f3n).<\/p>\n<p style=\"text-align: justify;\">El Directorio se rige por un reglamento que establece la periodicidad de las sesiones, las modalidades de funcionamiento interno, qu\u00f3rum de sesi\u00f3n, entre otras materias. Las funciones que cumple son aprobaci\u00f3n de pol\u00edticas y proyectos que proponga el Rector para dar cumplimiento a los fines del Centro de Formaci\u00f3n T\u00e9cnica; el presupuesto anual; la creaci\u00f3n, modificaci\u00f3n o supresi\u00f3n de diplomas, certificaciones, planes de estudio y t\u00edtulos t\u00e9cnicos de nivel superior o certificaciones de competencias, entre otras responsabilidades.<\/p>\n[\/vc_column_text][\/vc_column][\/vc_row][vc_row type=\u00bbin_container\u00bb full_screen_row_position=\u00bbmiddle\u00bb equal_height=\u00bbyes\u00bb content_placement=\u00bbtop\u00bb scene_position=\u00bbcenter\u00bb text_color=\u00bbdark\u00bb text_align=\u00bbleft\u00bb overlay_strength=\u00bb0.3&#8243; shape_divider_position=\u00bbbottom\u00bb shape_type=\u00bb\u00bb][vc_column centered_text=\u00bbtrue\u00bb column_padding=\u00bbpadding-2-percent\u00bb column_padding_position=\u00bball\u00bb background_color_opacity=\u00bb1&#8243; background_hover_color_opacity=\u00bb1&#8243; column_shadow=\u00bbsmall_depth\u00bb column_border_radius=\u00bb20px\u00bb width=\u00bb1\/3&#8243; tablet_text_alignment=\u00bbdefault\u00bb phone_text_alignment=\u00bbdefault\u00bb column_border_width=\u00bbnone\u00bb]<div class=\"img-with-aniamtion-wrap center\" data-max-width=\"100%\" data-border-radius=\"none\"><div class=\"inner\"><img loading=\"lazy\" decoding=\"async\" data-shadow=\"none\" data-shadow-direction=\"middle\" class=\"img-with-animation \" data-delay=\"0\" height=\"894\" width=\"764\" data-animation=\"fade-in\" src=\"https:\/\/www.cftestataltarapaca.cl\/inicio\/wp-content\/uploads\/2025\/12\/roberto-urdanivia-rector-s.jpg\" srcset=\"https:\/\/www.cftestataltarapaca.cl\/inicio\/wp-content\/uploads\/2025\/12\/roberto-urdanivia-rector-s.jpg 764w, https:\/\/www.cftestataltarapaca.cl\/inicio\/wp-content\/uploads\/2025\/12\/roberto-urdanivia-rector-s-256x300.jpg 256w\" sizes=\"auto, 100vw\" alt=\"\" \/><\/div><\/div>[vc_column_text]\n<p style=\"text-align: center;\"><strong>Roberto Urdanivia Carvajal<\/strong><br \/>\nRector(s)<\/p>\n[\/vc_column_text][\/vc_column][vc_column centered_text=\u00bbtrue\u00bb column_padding=\u00bbpadding-2-percent\u00bb column_padding_position=\u00bball\u00bb background_color_opacity=\u00bb1&#8243; background_hover_color_opacity=\u00bb1&#8243; column_shadow=\u00bbsmall_depth\u00bb column_border_radius=\u00bb20px\u00bb width=\u00bb1\/3&#8243; tablet_text_alignment=\u00bbdefault\u00bb phone_text_alignment=\u00bbdefault\u00bb column_border_width=\u00bbnone\u00bb]<div class=\"img-with-aniamtion-wrap center\" data-max-width=\"100%\" data-border-radius=\"none\"><div class=\"inner\"><img loading=\"lazy\" decoding=\"async\" data-shadow=\"none\" data-shadow-direction=\"middle\" class=\"img-with-animation \" data-delay=\"0\" height=\"894\" width=\"764\" data-animation=\"fade-in\" src=\"https:\/\/www.cftestataltarapaca.cl\/inicio\/wp-content\/uploads\/2026\/04\/cft-mineduc.jpg\" srcset=\"https:\/\/www.cftestataltarapaca.cl\/inicio\/wp-content\/uploads\/2026\/04\/cft-mineduc.jpg 764w, https:\/\/www.cftestataltarapaca.cl\/inicio\/wp-content\/uploads\/2026\/04\/cft-mineduc-256x300.jpg 256w\" sizes=\"auto, 100vw\" alt=\"\" \/><\/div><\/div>[vc_column_text]\n<p style=\"text-align: center;\"><strong>Pamela Toro Espinoza<\/strong><br \/>\nRepresentante del Ministerio de Educaci\u00f3n<\/p>\n[\/vc_column_text][\/vc_column][vc_column centered_text=\u00bbtrue\u00bb column_padding=\u00bbpadding-2-percent\u00bb column_padding_position=\u00bball\u00bb background_color_opacity=\u00bb1&#8243; background_hover_color_opacity=\u00bb1&#8243; column_shadow=\u00bbsmall_depth\u00bb column_border_radius=\u00bb20px\u00bb width=\u00bb1\/3&#8243; tablet_text_alignment=\u00bbdefault\u00bb phone_text_alignment=\u00bbdefault\u00bb column_border_width=\u00bbnone\u00bb]<div class=\"img-with-aniamtion-wrap center\" data-max-width=\"100%\" data-border-radius=\"none\"><div class=\"inner\"><img loading=\"lazy\" decoding=\"async\" data-shadow=\"none\" data-shadow-direction=\"middle\" class=\"img-with-animation \" data-delay=\"0\" height=\"894\" width=\"764\" data-animation=\"fade-in\" src=\"https:\/\/www.cftestataltarapaca.cl\/inicio\/wp-content\/uploads\/2020\/01\/alberto.jpg\" srcset=\"https:\/\/www.cftestataltarapaca.cl\/inicio\/wp-content\/uploads\/2020\/01\/alberto.jpg 764w, https:\/\/www.cftestataltarapaca.cl\/inicio\/wp-content\/uploads\/2020\/01\/alberto-256x300.jpg 256w\" sizes=\"auto, 100vw\" alt=\"\" \/><\/div><\/div>[vc_column_text]\n<p style=\"text-align: center;\"><strong>Alberto Mart\u00ednez Quezada<\/strong><br \/>\nRector Universidad Arturo Prat<\/p>\n[\/vc_column_text][\/vc_column][\/vc_row][vc_row type=\u00bbin_container\u00bb full_screen_row_position=\u00bbmiddle\u00bb equal_height=\u00bbyes\u00bb content_placement=\u00bbtop\u00bb scene_position=\u00bbcenter\u00bb text_color=\u00bbdark\u00bb text_align=\u00bbleft\u00bb overlay_strength=\u00bb0.3&#8243; shape_divider_position=\u00bbbottom\u00bb shape_type=\u00bb\u00bb][vc_column centered_text=\u00bbtrue\u00bb column_padding=\u00bbpadding-2-percent\u00bb column_padding_position=\u00bball\u00bb background_color_opacity=\u00bb1&#8243; background_hover_color_opacity=\u00bb1&#8243; column_shadow=\u00bbsmall_depth\u00bb column_border_radius=\u00bb20px\u00bb width=\u00bb1\/3&#8243; tablet_text_alignment=\u00bbdefault\u00bb phone_text_alignment=\u00bbdefault\u00bb column_border_width=\u00bbnone\u00bb]<div class=\"img-with-aniamtion-wrap center\" data-max-width=\"100%\" data-border-radius=\"none\"><div class=\"inner\"><img loading=\"lazy\" decoding=\"async\" data-shadow=\"none\" data-shadow-direction=\"middle\" class=\"img-with-animation \" data-delay=\"0\" height=\"894\" width=\"764\" data-animation=\"fade-in\" src=\"https:\/\/www.cftestataltarapaca.cl\/inicio\/wp-content\/uploads\/2022\/08\/corfo.jpg\" srcset=\"https:\/\/www.cftestataltarapaca.cl\/inicio\/wp-content\/uploads\/2022\/08\/corfo.jpg 764w, https:\/\/www.cftestataltarapaca.cl\/inicio\/wp-content\/uploads\/2022\/08\/corfo-256x300.jpg 256w\" sizes=\"auto, 100vw\" alt=\"\" \/><\/div><\/div>[vc_column_text]\n<p style=\"text-align: center;\"><strong>Catalina Cort\u00e9s Cort\u00e9s<\/strong><br \/>\nDirectora Regional de Corfo<\/p>\n[\/vc_column_text][\/vc_column][vc_column centered_text=\u00bbtrue\u00bb column_padding=\u00bbpadding-2-percent\u00bb column_padding_position=\u00bball\u00bb background_color_opacity=\u00bb1&#8243; background_hover_color_opacity=\u00bb1&#8243; column_shadow=\u00bbsmall_depth\u00bb column_border_radius=\u00bb20px\u00bb width=\u00bb1\/3&#8243; tablet_text_alignment=\u00bbdefault\u00bb phone_text_alignment=\u00bbdefault\u00bb column_border_width=\u00bbnone\u00bb]<div class=\"img-with-aniamtion-wrap center\" data-max-width=\"100%\" data-border-radius=\"none\"><div class=\"inner\"><img loading=\"lazy\" decoding=\"async\" data-shadow=\"none\" data-shadow-direction=\"middle\" class=\"img-with-animation \" data-delay=\"0\" height=\"894\" width=\"764\" data-animation=\"fade-in\" src=\"https:\/\/www.cftestataltarapaca.cl\/inicio\/wp-content\/uploads\/2022\/08\/Liceos.jpg\" srcset=\"https:\/\/www.cftestataltarapaca.cl\/inicio\/wp-content\/uploads\/2022\/08\/Liceos.jpg 764w, https:\/\/www.cftestataltarapaca.cl\/inicio\/wp-content\/uploads\/2022\/08\/Liceos-256x300.jpg 256w\" sizes=\"auto, 100vw\" alt=\"\" \/><\/div><\/div>[vc_column_text]\n<p style=\"text-align: center;\"><strong>Luis Z\u00fa\u00f1iga Contreras<\/strong><br \/>\nRepresentante Liceos TP de Tarapac\u00e1<\/p>\n[\/vc_column_text][\/vc_column][vc_column centered_text=\u00bbtrue\u00bb column_padding=\u00bbpadding-2-percent\u00bb column_padding_position=\u00bball\u00bb background_color_opacity=\u00bb1&#8243; background_hover_color_opacity=\u00bb1&#8243; column_shadow=\u00bbsmall_depth\u00bb column_border_radius=\u00bb20px\u00bb width=\u00bb1\/3&#8243; tablet_text_alignment=\u00bbdefault\u00bb phone_text_alignment=\u00bbdefault\u00bb column_border_width=\u00bbnone\u00bb]<div class=\"img-with-aniamtion-wrap center\" data-max-width=\"100%\" data-border-radius=\"none\"><div class=\"inner\"><img loading=\"lazy\" decoding=\"async\" data-shadow=\"none\" data-shadow-direction=\"middle\" class=\"img-with-animation \" data-delay=\"0\" height=\"894\" width=\"764\" data-animation=\"fade-in\" src=\"https:\/\/www.cftestataltarapaca.cl\/inicio\/wp-content\/uploads\/2019\/03\/industriales.jpg\" srcset=\"https:\/\/www.cftestataltarapaca.cl\/inicio\/wp-content\/uploads\/2019\/03\/industriales.jpg 764w, https:\/\/www.cftestataltarapaca.cl\/inicio\/wp-content\/uploads\/2019\/03\/industriales-256x300.jpg 256w\" sizes=\"auto, 100vw\" alt=\"\" \/><\/div><\/div>[vc_column_text]\n<p style=\"text-align: center;\"><strong>Marcos G\u00f3mez Barrera<\/strong><br \/>\nGerente de Asociaci\u00f3n de Industriales<\/p>\n[\/vc_column_text][\/vc_column][\/vc_row][vc_row type=\u00bbin_container\u00bb full_screen_row_position=\u00bbmiddle\u00bb equal_height=\u00bbyes\u00bb content_placement=\u00bbtop\u00bb scene_position=\u00bbcenter\u00bb text_color=\u00bbdark\u00bb text_align=\u00bbleft\u00bb overlay_strength=\u00bb0.3&#8243; shape_divider_position=\u00bbbottom\u00bb shape_type=\u00bb\u00bb][vc_column centered_text=\u00bbtrue\u00bb column_padding=\u00bbpadding-2-percent\u00bb column_padding_position=\u00bball\u00bb background_color_opacity=\u00bb1&#8243; background_hover_color_opacity=\u00bb1&#8243; column_shadow=\u00bbsmall_depth\u00bb column_border_radius=\u00bb20px\u00bb width=\u00bb1\/3&#8243; tablet_text_alignment=\u00bbdefault\u00bb phone_text_alignment=\u00bbdefault\u00bb column_border_width=\u00bbnone\u00bb]<div class=\"img-with-aniamtion-wrap center\" data-max-width=\"100%\" data-border-radius=\"none\"><div class=\"inner\"><img loading=\"lazy\" decoding=\"async\" data-shadow=\"none\" data-shadow-direction=\"middle\" class=\"img-with-animation \" data-delay=\"0\" height=\"894\" width=\"764\" data-animation=\"fade-in\" src=\"https:\/\/www.cftestataltarapaca.cl\/inicio\/wp-content\/uploads\/2019\/03\/cut.jpg\" srcset=\"https:\/\/www.cftestataltarapaca.cl\/inicio\/wp-content\/uploads\/2019\/03\/cut.jpg 764w, https:\/\/www.cftestataltarapaca.cl\/inicio\/wp-content\/uploads\/2019\/03\/cut-256x300.jpg 256w\" sizes=\"auto, 100vw\" alt=\"\" \/><\/div><\/div>[vc_column_text]\n<p style=\"text-align: center;\"><strong>Esmeralda Contreras Fredrigolli<\/strong><br \/>\nRepresentante CUT<\/p>\n[\/vc_column_text][\/vc_column][vc_column centered_text=\u00bbtrue\u00bb column_padding=\u00bbpadding-2-percent\u00bb column_padding_position=\u00bball\u00bb background_color_opacity=\u00bb1&#8243; background_hover_color_opacity=\u00bb1&#8243; column_shadow=\u00bbsmall_depth\u00bb column_border_radius=\u00bb20px\u00bb width=\u00bb1\/3&#8243; tablet_text_alignment=\u00bbdefault\u00bb phone_text_alignment=\u00bbdefault\u00bb column_border_width=\u00bbnone\u00bb]<div class=\"img-with-aniamtion-wrap center\" data-max-width=\"100%\" data-border-radius=\"none\"><div class=\"inner\"><img loading=\"lazy\" decoding=\"async\" data-shadow=\"none\" data-shadow-direction=\"middle\" class=\"img-with-animation \" data-delay=\"0\" height=\"894\" width=\"764\" data-animation=\"fade-in\" src=\"https:\/\/www.cftestataltarapaca.cl\/inicio\/wp-content\/uploads\/2024\/03\/sence.jpg\" srcset=\"https:\/\/www.cftestataltarapaca.cl\/inicio\/wp-content\/uploads\/2024\/03\/sence.jpg 764w, https:\/\/www.cftestataltarapaca.cl\/inicio\/wp-content\/uploads\/2024\/03\/sence-256x300.jpg 256w\" sizes=\"auto, 100vw\" alt=\"\" \/><\/div><\/div>[vc_column_text]\n<p style=\"text-align: center;\"><b>Iv\u00e1n Escares D\u00edaz<\/b><br \/>\nDirector Regional Sence<\/p>\n[\/vc_column_text][\/vc_column][vc_column centered_text=\u00bbtrue\u00bb column_padding=\u00bbpadding-2-percent\u00bb column_padding_position=\u00bball\u00bb background_color_opacity=\u00bb1&#8243; background_hover_color_opacity=\u00bb1&#8243; column_shadow=\u00bbsmall_depth\u00bb column_border_radius=\u00bb20px\u00bb width=\u00bb1\/3&#8243; tablet_text_alignment=\u00bbdefault\u00bb phone_text_alignment=\u00bbdefault\u00bb column_border_width=\u00bbnone\u00bb]<div class=\"img-with-aniamtion-wrap center\" data-max-width=\"100%\" data-border-radius=\"none\"><div class=\"inner\"><img loading=\"lazy\" decoding=\"async\" data-shadow=\"none\" data-shadow-direction=\"middle\" class=\"img-with-animation \" data-delay=\"0\" height=\"894\" width=\"764\" data-animation=\"fade-in\" src=\"https:\/\/www.cftestataltarapaca.cl\/inicio\/wp-content\/uploads\/2024\/06\/Maria-Alejandra.jpg\" srcset=\"https:\/\/www.cftestataltarapaca.cl\/inicio\/wp-content\/uploads\/2024\/06\/Maria-Alejandra.jpg 764w, https:\/\/www.cftestataltarapaca.cl\/inicio\/wp-content\/uploads\/2024\/06\/Maria-Alejandra-256x300.jpg 256w\" sizes=\"auto, 100vw\" alt=\"Maria Alejandra Flores CFT Estatal Tarapaca\" \/><\/div><\/div>[vc_column_text]\n<p style=\"text-align: center;\"><strong>Mar\u00eda Alejandra Flores Encina<\/strong><br \/>\nFiscal(s)<\/p>\n[\/vc_column_text][\/vc_column][\/vc_row]\n","protected":false},"excerpt":{"rendered":"<p>[vc_row type=\u00bbfull_width_background\u00bb full_screen_row_position=\u00bbmiddle\u00bb scene_position=\u00bbcenter\u00bb text_color=\u00bblight\u00bb text_align=\u00bbleft\u00bb enable_gradient=\u00bbtrue\u00bb color_overlay=\u00bb#3396c6&#8243; color_overlay_2=\u00bb#65b5e6&#8243; gradient_direction=\u00bbleft_to_right\u00bb overlay_strength=\u00bb1&#8243; shape_divider_position=\u00bbbottom\u00bb shape_type=\u00bb\u00bb][vc_column column_padding=\u00bbno-extra-padding\u00bb column_padding_position=\u00bball\u00bb background_color_opacity=\u00bb1&#8243; background_hover_color_opacity=\u00bb1&#8243; column_shadow=\u00bbnone\u00bb column_border_radius=\u00bbnone\u00bb top_margin=\u00bb20&#8243; bottom_margin=\u00bb20&#8243; width=\u00bb1\/1&#8243; tablet_text_alignment=\u00bbdefault\u00bb phone_text_alignment=\u00bbdefault\u00bb column_border_width=\u00bbnone\u00bb column_border_style=\u00bbsolid\u00bb][vc_column_text css=\u00bb.vc_custom_1552657788683{padding-top: 35px !important;}\u00bb] DIRECTORIO&#8230;<\/p>\n","protected":false},"author":1,"featured_media":0,"parent":0,"menu_order":0,"comment_status":"open","ping_status":"open","template":"","meta":{"_joinchat":[],"footnotes":""},"class_list":["post-1095","page","type-page","status-publish","hentry"],"yoast_head":"<!-- This site is optimized with the Yoast SEO plugin v27.4 - https:\/\/yoast.com\/product\/yoast-seo-wordpress\/ -->\n<title>Directorio - CFT Estatal Tarapac\u00e1<\/title>\n<meta name=\"description\" content=\"Les presentamos a quienes conforman el Directorio del Centro de Formaci\u00f3n T\u00e9cnica Estatal de Tarapac\u00e1.\" \/>\n<meta name=\"robots\" content=\"index, follow, max-snippet:-1, max-image-preview:large, max-video-preview:-1\" \/>\n<link rel=\"canonical\" href=\"https:\/\/www.cftestataltarapaca.cl\/inicio\/directorio\/\" \/>\n<meta property=\"og:locale\" content=\"es_ES\" \/>\n<meta property=\"og:type\" content=\"article\" \/>\n<meta property=\"og:title\" content=\"Directorio - CFT Estatal Tarapac\u00e1\" \/>\n<meta property=\"og:description\" content=\"Les presentamos a quienes conforman el Directorio del Centro de Formaci\u00f3n T\u00e9cnica Estatal de Tarapac\u00e1.\" \/>\n<meta property=\"og:url\" content=\"https:\/\/www.cftestataltarapaca.cl\/inicio\/directorio\/\" \/>\n<meta property=\"og:site_name\" content=\"CFT Estatal Tarapac\u00e1\" \/>\n<meta property=\"article:publisher\" content=\"https:\/\/www.facebook.com\/CFTestataltarapaca\/\" \/>\n<meta property=\"article:modified_time\" content=\"2026-04-13T12:38:57+00:00\" \/>\n<meta name=\"twitter:card\" content=\"summary_large_image\" \/>\n<meta name=\"twitter:site\" content=\"@CFTesTarapaca\" \/>\n<meta name=\"twitter:label1\" content=\"Tiempo de lectura\" \/>\n\t<meta name=\"twitter:data1\" content=\"3 minutos\" \/>\n<script type=\"application\/ld+json\" class=\"yoast-schema-graph\">{\"@context\":\"https:\\\/\\\/schema.org\",\"@graph\":[{\"@type\":\"WebPage\",\"@id\":\"https:\\\/\\\/www.cftestataltarapaca.cl\\\/inicio\\\/directorio\\\/\",\"url\":\"https:\\\/\\\/www.cftestataltarapaca.cl\\\/inicio\\\/directorio\\\/\",\"name\":\"Directorio - CFT Estatal Tarapac\u00e1\",\"isPartOf\":{\"@id\":\"https:\\\/\\\/www.cftestataltarapaca.cl\\\/inicio\\\/#website\"},\"datePublished\":\"2019-03-12T13:41:28+00:00\",\"dateModified\":\"2026-04-13T12:38:57+00:00\",\"description\":\"Les presentamos a quienes conforman el Directorio del Centro de Formaci\u00f3n T\u00e9cnica Estatal de Tarapac\u00e1.\",\"breadcrumb\":{\"@id\":\"https:\\\/\\\/www.cftestataltarapaca.cl\\\/inicio\\\/directorio\\\/#breadcrumb\"},\"inLanguage\":\"es\",\"potentialAction\":[{\"@type\":\"ReadAction\",\"target\":[\"https:\\\/\\\/www.cftestataltarapaca.cl\\\/inicio\\\/directorio\\\/\"]}]},{\"@type\":\"BreadcrumbList\",\"@id\":\"https:\\\/\\\/www.cftestataltarapaca.cl\\\/inicio\\\/directorio\\\/#breadcrumb\",\"itemListElement\":[{\"@type\":\"ListItem\",\"position\":1,\"name\":\"Portada\",\"item\":\"https:\\\/\\\/www.cftestataltarapaca.cl\\\/inicio\\\/\"},{\"@type\":\"ListItem\",\"position\":2,\"name\":\"Directorio\"}]},{\"@type\":\"WebSite\",\"@id\":\"https:\\\/\\\/www.cftestataltarapaca.cl\\\/inicio\\\/#website\",\"url\":\"https:\\\/\\\/www.cftestataltarapaca.cl\\\/inicio\\\/\",\"name\":\"CFT Estatal Tarapac\u00e1\",\"description\":\"Admisi\u00f3n 2025\",\"publisher\":{\"@id\":\"https:\\\/\\\/www.cftestataltarapaca.cl\\\/inicio\\\/#organization\"},\"potentialAction\":[{\"@type\":\"SearchAction\",\"target\":{\"@type\":\"EntryPoint\",\"urlTemplate\":\"https:\\\/\\\/www.cftestataltarapaca.cl\\\/inicio\\\/?s={search_term_string}\"},\"query-input\":{\"@type\":\"PropertyValueSpecification\",\"valueRequired\":true,\"valueName\":\"search_term_string\"}}],\"inLanguage\":\"es\"},{\"@type\":\"Organization\",\"@id\":\"https:\\\/\\\/www.cftestataltarapaca.cl\\\/inicio\\\/#organization\",\"name\":\"CFT Estatal Tarapac\u00e1\",\"url\":\"https:\\\/\\\/www.cftestataltarapaca.cl\\\/inicio\\\/\",\"logo\":{\"@type\":\"ImageObject\",\"inLanguage\":\"es\",\"@id\":\"https:\\\/\\\/www.cftestataltarapaca.cl\\\/inicio\\\/#\\\/schema\\\/logo\\\/image\\\/\",\"url\":\"https:\\\/\\\/www.cftestataltarapaca.cl\\\/inicio\\\/wp-content\\\/uploads\\\/2019\\\/03\\\/logo-retina-1.png\",\"contentUrl\":\"https:\\\/\\\/www.cftestataltarapaca.cl\\\/inicio\\\/wp-content\\\/uploads\\\/2019\\\/03\\\/logo-retina-1.png\",\"width\":401,\"height\":150,\"caption\":\"CFT Estatal Tarapac\u00e1\"},\"image\":{\"@id\":\"https:\\\/\\\/www.cftestataltarapaca.cl\\\/inicio\\\/#\\\/schema\\\/logo\\\/image\\\/\"},\"sameAs\":[\"https:\\\/\\\/www.facebook.com\\\/CFTestataltarapaca\\\/\",\"https:\\\/\\\/x.com\\\/CFTesTarapaca\",\"https:\\\/\\\/www.instagram.com\\\/CFTestataltarapaca\\\/\"]}]}<\/script>\n<!-- \/ Yoast SEO plugin. -->","yoast_head_json":{"title":"Directorio - CFT Estatal Tarapac\u00e1","description":"Les presentamos a quienes conforman el Directorio del Centro de Formaci\u00f3n T\u00e9cnica Estatal de Tarapac\u00e1.","robots":{"index":"index","follow":"follow","max-snippet":"max-snippet:-1","max-image-preview":"max-image-preview:large","max-video-preview":"max-video-preview:-1"},"canonical":"https:\/\/www.cftestataltarapaca.cl\/inicio\/directorio\/","og_locale":"es_ES","og_type":"article","og_title":"Directorio - CFT Estatal Tarapac\u00e1","og_description":"Les presentamos a quienes conforman el Directorio del Centro de Formaci\u00f3n T\u00e9cnica Estatal de Tarapac\u00e1.","og_url":"https:\/\/www.cftestataltarapaca.cl\/inicio\/directorio\/","og_site_name":"CFT Estatal Tarapac\u00e1","article_publisher":"https:\/\/www.facebook.com\/CFTestataltarapaca\/","article_modified_time":"2026-04-13T12:38:57+00:00","twitter_card":"summary_large_image","twitter_site":"@CFTesTarapaca","twitter_misc":{"Tiempo de lectura":"3 minutos"},"schema":{"@context":"https:\/\/schema.org","@graph":[{"@type":"WebPage","@id":"https:\/\/www.cftestataltarapaca.cl\/inicio\/directorio\/","url":"https:\/\/www.cftestataltarapaca.cl\/inicio\/directorio\/","name":"Directorio - CFT Estatal Tarapac\u00e1","isPartOf":{"@id":"https:\/\/www.cftestataltarapaca.cl\/inicio\/#website"},"datePublished":"2019-03-12T13:41:28+00:00","dateModified":"2026-04-13T12:38:57+00:00","description":"Les presentamos a quienes conforman el Directorio del Centro de Formaci\u00f3n T\u00e9cnica Estatal de Tarapac\u00e1.","breadcrumb":{"@id":"https:\/\/www.cftestataltarapaca.cl\/inicio\/directorio\/#breadcrumb"},"inLanguage":"es","potentialAction":[{"@type":"ReadAction","target":["https:\/\/www.cftestataltarapaca.cl\/inicio\/directorio\/"]}]},{"@type":"BreadcrumbList","@id":"https:\/\/www.cftestataltarapaca.cl\/inicio\/directorio\/#breadcrumb","itemListElement":[{"@type":"ListItem","position":1,"name":"Portada","item":"https:\/\/www.cftestataltarapaca.cl\/inicio\/"},{"@type":"ListItem","position":2,"name":"Directorio"}]},{"@type":"WebSite","@id":"https:\/\/www.cftestataltarapaca.cl\/inicio\/#website","url":"https:\/\/www.cftestataltarapaca.cl\/inicio\/","name":"CFT Estatal Tarapac\u00e1","description":"Admisi\u00f3n 2025","publisher":{"@id":"https:\/\/www.cftestataltarapaca.cl\/inicio\/#organization"},"potentialAction":[{"@type":"SearchAction","target":{"@type":"EntryPoint","urlTemplate":"https:\/\/www.cftestataltarapaca.cl\/inicio\/?s={search_term_string}"},"query-input":{"@type":"PropertyValueSpecification","valueRequired":true,"valueName":"search_term_string"}}],"inLanguage":"es"},{"@type":"Organization","@id":"https:\/\/www.cftestataltarapaca.cl\/inicio\/#organization","name":"CFT Estatal Tarapac\u00e1","url":"https:\/\/www.cftestataltarapaca.cl\/inicio\/","logo":{"@type":"ImageObject","inLanguage":"es","@id":"https:\/\/www.cftestataltarapaca.cl\/inicio\/#\/schema\/logo\/image\/","url":"https:\/\/www.cftestataltarapaca.cl\/inicio\/wp-content\/uploads\/2019\/03\/logo-retina-1.png","contentUrl":"https:\/\/www.cftestataltarapaca.cl\/inicio\/wp-content\/uploads\/2019\/03\/logo-retina-1.png","width":401,"height":150,"caption":"CFT Estatal Tarapac\u00e1"},"image":{"@id":"https:\/\/www.cftestataltarapaca.cl\/inicio\/#\/schema\/logo\/image\/"},"sameAs":["https:\/\/www.facebook.com\/CFTestataltarapaca\/","https:\/\/x.com\/CFTesTarapaca","https:\/\/www.instagram.com\/CFTestataltarapaca\/"]}]}},"publishpress_future_workflow_manual_trigger":{"enabledWorkflows":[]},"_links":{"self":[{"href":"https:\/\/www.cftestataltarapaca.cl\/inicio\/wp-json\/wp\/v2\/pages\/1095","targetHints":{"allow":["GET"]}}],"collection":[{"href":"https:\/\/www.cftestataltarapaca.cl\/inicio\/wp-json\/wp\/v2\/pages"}],"about":[{"href":"https:\/\/www.cftestataltarapaca.cl\/inicio\/wp-json\/wp\/v2\/types\/page"}],"author":[{"embeddable":true,"href":"https:\/\/www.cftestataltarapaca.cl\/inicio\/wp-json\/wp\/v2\/users\/1"}],"replies":[{"embeddable":true,"href":"https:\/\/www.cftestataltarapaca.cl\/inicio\/wp-json\/wp\/v2\/comments?post=1095"}],"version-history":[{"count":60,"href":"https:\/\/www.cftestataltarapaca.cl\/inicio\/wp-json\/wp\/v2\/pages\/1095\/revisions"}],"predecessor-version":[{"id":16593,"href":"https:\/\/www.cftestataltarapaca.cl\/inicio\/wp-json\/wp\/v2\/pages\/1095\/revisions\/16593"}],"wp:attachment":[{"href":"https:\/\/www.cftestataltarapaca.cl\/inicio\/wp-json\/wp\/v2\/media?parent=1095"}],"curies":[{"name":"wp","href":"https:\/\/api.w.org\/{rel}","templated":true}]}}