{"id":1288,"date":"2019-03-15T18:06:13","date_gmt":"2019-03-15T18:06:13","guid":{"rendered":"http:\/\/www.cftestataltarapaca.cl\/inicio\/?page_id=1288"},"modified":"2025-07-03T16:07:25","modified_gmt":"2025-07-03T20:07:25","slug":"programa-sence","status":"publish","type":"page","link":"https:\/\/www.cftestataltarapaca.cl\/inicio\/programa-sence\/","title":{"rendered":"Programa de Capacitaci\u00f3n en Oficios"},"content":{"rendered":"[vc_row type=\u00bbfull_width_background\u00bb full_screen_row_position=\u00bbmiddle\u00bb bg_image=\u00bb14433&#8243; bg_position=\u00bbleft top\u00bb bg_repeat=\u00bbno-repeat\u00bb bg_color=\u00bb#46b1d6&#8243; scene_position=\u00bbcenter\u00bb text_color=\u00bblight\u00bb text_align=\u00bbleft\u00bb top_padding=\u00bb3%\u00bb bottom_padding=\u00bb3%\u00bb enable_gradient=\u00bbtrue\u00bb color_overlay=\u00bb#2769a6&#8243; color_overlay_2=\u00bb#35a0cf\u00bb gradient_direction=\u00bbleft_to_right\u00bb overlay_strength=\u00bb0.8&#8243; enable_shape_divider=\u00bbtrue\u00bb shape_divider_position=\u00bbbottom\u00bb shape_divider_height=\u00bb180&#8243; shape_type=\u00bbwaves_opacity_alt\u00bb][vc_column column_padding=\u00bbno-extra-padding\u00bb column_padding_position=\u00bbtop-bottom\u00bb background_color_opacity=\u00bb1&#8243; background_hover_color_opacity=\u00bb1&#8243; column_shadow=\u00bbnone\u00bb column_border_radius=\u00bbnone\u00bb top_margin=\u00bb20&#8243; bottom_margin=\u00bb20&#8243; width=\u00bb1\/6&#8243; tablet_text_alignment=\u00bbdefault\u00bb phone_text_alignment=\u00bbdefault\u00bb column_border_width=\u00bbnone\u00bb column_border_style=\u00bbsolid\u00bb][\/vc_column][vc_column centered_text=\u00bbtrue\u00bb column_padding=\u00bbpadding-6-percent\u00bb column_padding_position=\u00bbbottom\u00bb background_color_opacity=\u00bb1&#8243; background_hover_color_opacity=\u00bb1&#8243; column_shadow=\u00bbnone\u00bb column_border_radius=\u00bbnone\u00bb width=\u00bb2\/3&#8243; tablet_text_alignment=\u00bbdefault\u00bb phone_text_alignment=\u00bbdefault\u00bb column_border_width=\u00bbnone\u00bb column_border_style=\u00bbsolid\u00bb]<div class=\"divider-wrap\"><div style=\"height: 25px;\" class=\"divider\"><\/div><\/div><div class=\"img-with-aniamtion-wrap center\" data-max-width=\"100%\" data-border-radius=\"none\"><div class=\"inner\"><img loading=\"lazy\" decoding=\"async\" data-shadow=\"none\" data-shadow-direction=\"middle\" class=\"img-with-animation \" data-delay=\"0\" height=\"340\" width=\"871\" data-animation=\"fade-in\" src=\"https:\/\/www.cftestataltarapaca.cl\/inicio\/wp-content\/uploads\/2025\/06\/titulo.png\" srcset=\"https:\/\/www.cftestataltarapaca.cl\/inicio\/wp-content\/uploads\/2025\/06\/titulo.png 871w, https:\/\/www.cftestataltarapaca.cl\/inicio\/wp-content\/uploads\/2025\/06\/titulo-300x117.png 300w, https:\/\/www.cftestataltarapaca.cl\/inicio\/wp-content\/uploads\/2025\/06\/titulo-768x300.png 768w\" sizes=\"auto, 100vw\" alt=\"Programa SENCE\" \/><\/div><\/div><div class=\"divider-wrap\"><div style=\"height: 25px;\" class=\"divider\"><\/div><\/div>[\/vc_column][vc_column column_padding=\u00bbno-extra-padding\u00bb column_padding_position=\u00bball\u00bb background_color_opacity=\u00bb1&#8243; background_hover_color_opacity=\u00bb1&#8243; column_shadow=\u00bbnone\u00bb column_border_radius=\u00bbnone\u00bb width=\u00bb1\/6&#8243; tablet_text_alignment=\u00bbdefault\u00bb phone_text_alignment=\u00bbdefault\u00bb column_border_width=\u00bbnone\u00bb column_border_style=\u00bbsolid\u00bb][\/vc_column][\/vc_row][vc_row type=\u00bbfull_width_background\u00bb full_screen_row_position=\u00bbmiddle\u00bb bg_color=\u00bb#ffffff\u00bb scene_position=\u00bbcenter\u00bb text_color=\u00bbdark\u00bb text_align=\u00bbleft\u00bb top_padding=\u00bb3%\u00bb bottom_padding=\u00bb3%\u00bb overlay_strength=\u00bb0.3&#8243; shape_divider_position=\u00bbbottom\u00bb shape_type=\u00bb\u00bb][vc_column column_padding=\u00bbno-extra-padding\u00bb column_padding_position=\u00bball\u00bb background_color_opacity=\u00bb1&#8243; background_hover_color_opacity=\u00bb1&#8243; column_shadow=\u00bbnone\u00bb column_border_radius=\u00bbnone\u00bb width=\u00bb1\/1&#8243; tablet_text_alignment=\u00bbdefault\u00bb phone_text_alignment=\u00bbdefault\u00bb column_border_width=\u00bbnone\u00bb column_border_style=\u00bbsolid\u00bb][vc_column_text]\n<h3 style=\"text-align: center; color: #46b1d6;\"><em>Aprende de manera gratuita un oficio y contin\u00faa estudios superiores en el <strong>CFT Estatal Tarapac\u00e1<\/strong><\/em><\/h3>\n[\/vc_column_text][\/vc_column][\/vc_row][vc_row type=\u00bbfull_width_background\u00bb full_screen_row_position=\u00bbmiddle\u00bb bg_color=\u00bb#ffffff\u00bb scene_position=\u00bbcenter\u00bb text_color=\u00bbdark\u00bb text_align=\u00bbleft\u00bb top_padding=\u00bb5%\u00bb bottom_padding=\u00bb5%\u00bb overlay_strength=\u00bb0.3&#8243; shape_divider_position=\u00bbbottom\u00bb shape_type=\u00bb\u00bb][vc_column column_padding=\u00bbno-extra-padding\u00bb column_padding_position=\u00bball\u00bb background_color_opacity=\u00bb1&#8243; background_hover_color_opacity=\u00bb1&#8243; column_shadow=\u00bbnone\u00bb column_border_radius=\u00bbnone\u00bb width=\u00bb1\/1&#8243; tablet_text_alignment=\u00bbdefault\u00bb phone_text_alignment=\u00bbdefault\u00bb column_border_width=\u00bbnone\u00bb column_border_style=\u00bbsolid\u00bb][vc_column_text]\n<h1 style=\"text-align: center;\"><strong><span style=\"text-align: center; color: #46b1d6;\">CONOCE LOS PROGRAMAS<\/span><\/strong><\/h1>\n<p style=\"text-align: center;\">L\u00ednea Estudios Superiores del CFT Estatal de Tarapac\u00e1 y SENCE<\/p>\n[\/vc_column_text][\/vc_column][\/vc_row][vc_row type=\u00bbfull_width_background\u00bb full_screen_row_position=\u00bbmiddle\u00bb bg_color=\u00bb#ffffff\u00bb scene_position=\u00bbcenter\u00bb text_color=\u00bbdark\u00bb text_align=\u00bbleft\u00bb bottom_padding=\u00bb50&#8243; overlay_strength=\u00bb0.3&#8243; shape_divider_position=\u00bbbottom\u00bb shape_type=\u00bb\u00bb][vc_column centered_text=\u00bbtrue\u00bb column_padding=\u00bbpadding-1-percent\u00bb column_padding_position=\u00bball\u00bb background_color_opacity=\u00bb1&#8243; background_hover_color_opacity=\u00bb1&#8243; column_shadow=\u00bbsmall_depth\u00bb column_border_radius=\u00bb15px\u00bb width=\u00bb1\/3&#8243; tablet_text_alignment=\u00bbdefault\u00bb phone_text_alignment=\u00bbdefault\u00bb column_border_width=\u00bbnone\u00bb]<div class=\"img-with-aniamtion-wrap \" data-max-width=\"100%\" data-border-radius=\"none\"><div class=\"inner\"><a href=\"https:\/\/www.cftestataltarapaca.cl\/inicio\/wp-content\/uploads\/2025\/06\/OTEC-logistica_CFT.pdf\" target=\"_blank\" class=\"\"><img loading=\"lazy\" decoding=\"async\" data-shadow=\"none\" data-shadow-direction=\"middle\" class=\"img-with-animation \" data-delay=\"0\" height=\"1350\" width=\"1081\" data-animation=\"fade-in\" src=\"https:\/\/www.cftestataltarapaca.cl\/inicio\/wp-content\/uploads\/2025\/06\/006.png\" srcset=\"https:\/\/www.cftestataltarapaca.cl\/inicio\/wp-content\/uploads\/2025\/06\/006.png 1081w, https:\/\/www.cftestataltarapaca.cl\/inicio\/wp-content\/uploads\/2025\/06\/006-240x300.png 240w, https:\/\/www.cftestataltarapaca.cl\/inicio\/wp-content\/uploads\/2025\/06\/006-820x1024.png 820w, https:\/\/www.cftestataltarapaca.cl\/inicio\/wp-content\/uploads\/2025\/06\/006-768x959.png 768w\" sizes=\"auto, 100vw\" alt=\"\" \/><\/a><\/div><\/div><div class=\"divider-wrap\"><div style=\"height: 25px;\" class=\"divider\"><\/div><\/div>[nectar_btn size=\u00bblarge\u00bb open_new_tab=\u00bbtrue\u00bb button_style=\u00bbregular\u00bb button_color_2=\u00bbExtra-Color-2&#8243; icon_family=\u00bbnone\u00bb url=\u00bbhttps:\/\/eligemejor.sence.cl\/BuscarCursoNuevo\/DetalleCursoDcp?curso=CCE-25-01-01-0029-1&#8243; text=\u00bbpostula aqu\u00ed\u00bb][\/vc_column][vc_column centered_text=\u00bbtrue\u00bb column_padding=\u00bbpadding-1-percent\u00bb column_padding_position=\u00bball\u00bb background_color_opacity=\u00bb1&#8243; background_hover_color_opacity=\u00bb1&#8243; column_shadow=\u00bbsmall_depth\u00bb column_border_radius=\u00bb15px\u00bb width=\u00bb1\/3&#8243; tablet_text_alignment=\u00bbdefault\u00bb phone_text_alignment=\u00bbdefault\u00bb column_border_width=\u00bbnone\u00bb]<div class=\"img-with-aniamtion-wrap \" data-max-width=\"100%\" data-border-radius=\"none\"><div class=\"inner\"><a href=\"https:\/\/www.cftestataltarapaca.cl\/inicio\/wp-content\/uploads\/2025\/06\/OTEC-asistencia-cuidados_CFT.pdf\" target=\"_blank\" class=\"\"><img loading=\"lazy\" decoding=\"async\" data-shadow=\"none\" data-shadow-direction=\"middle\" class=\"img-with-animation \" data-delay=\"0\" height=\"1350\" width=\"1080\" data-animation=\"fade-in\" src=\"https:\/\/www.cftestataltarapaca.cl\/inicio\/wp-content\/uploads\/2025\/06\/001.png\" srcset=\"https:\/\/www.cftestataltarapaca.cl\/inicio\/wp-content\/uploads\/2025\/06\/001.png 1080w, https:\/\/www.cftestataltarapaca.cl\/inicio\/wp-content\/uploads\/2025\/06\/001-240x300.png 240w, https:\/\/www.cftestataltarapaca.cl\/inicio\/wp-content\/uploads\/2025\/06\/001-819x1024.png 819w, https:\/\/www.cftestataltarapaca.cl\/inicio\/wp-content\/uploads\/2025\/06\/001-768x960.png 768w\" sizes=\"auto, 100vw\" alt=\"\" \/><\/a><\/div><\/div><div class=\"divider-wrap\"><div style=\"height: 25px;\" class=\"divider\"><\/div><\/div>[nectar_btn size=\u00bblarge\u00bb open_new_tab=\u00bbtrue\u00bb button_style=\u00bbregular\u00bb button_color_2=\u00bbExtra-Color-2&#8243; icon_family=\u00bbnone\u00bb url=\u00bbhttps:\/\/eligemejor.sence.cl\/BuscarCursoNuevo\/DetalleCursoDcp?curso=CCE-25-01-01-0028-1&#8243; text=\u00bbpostula aqu\u00ed\u00bb][\/vc_column][vc_column centered_text=\u00bbtrue\u00bb column_padding=\u00bbpadding-1-percent\u00bb column_padding_position=\u00bball\u00bb background_color_opacity=\u00bb1&#8243; background_hover_color_opacity=\u00bb1&#8243; column_shadow=\u00bbsmall_depth\u00bb column_border_radius=\u00bb15px\u00bb width=\u00bb1\/3&#8243; tablet_text_alignment=\u00bbdefault\u00bb phone_text_alignment=\u00bbdefault\u00bb column_border_width=\u00bbnone\u00bb]<div class=\"img-with-aniamtion-wrap \" data-max-width=\"100%\" data-border-radius=\"none\"><div class=\"inner\"><a href=\"https:\/\/www.cftestataltarapaca.cl\/inicio\/wp-content\/uploads\/2025\/06\/OTEC-instalacion-electrica_CFT.pdf\" target=\"_blank\" class=\"\"><img loading=\"lazy\" decoding=\"async\" data-shadow=\"none\" data-shadow-direction=\"middle\" class=\"img-with-animation \" data-delay=\"0\" height=\"1350\" width=\"1080\" data-animation=\"fade-in\" src=\"https:\/\/www.cftestataltarapaca.cl\/inicio\/wp-content\/uploads\/2025\/06\/002.png\" srcset=\"https:\/\/www.cftestataltarapaca.cl\/inicio\/wp-content\/uploads\/2025\/06\/002.png 1080w, https:\/\/www.cftestataltarapaca.cl\/inicio\/wp-content\/uploads\/2025\/06\/002-240x300.png 240w, https:\/\/www.cftestataltarapaca.cl\/inicio\/wp-content\/uploads\/2025\/06\/002-819x1024.png 819w, https:\/\/www.cftestataltarapaca.cl\/inicio\/wp-content\/uploads\/2025\/06\/002-768x960.png 768w\" sizes=\"auto, 100vw\" alt=\"\" \/><\/a><\/div><\/div><div class=\"divider-wrap\"><div style=\"height: 25px;\" class=\"divider\"><\/div><\/div>[nectar_btn size=\u00bblarge\u00bb open_new_tab=\u00bbtrue\u00bb button_style=\u00bbregular\u00bb button_color_2=\u00bbExtra-Color-2&#8243; icon_family=\u00bbnone\u00bb url=\u00bbhttps:\/\/eligemejor.sence.cl\/BuscarCursoNuevo\/DetalleCursoDcp?curso=CCE-25-01-01-0024-1&#8243; text=\u00bbpostula aqu\u00ed\u00bb][\/vc_column][\/vc_row][vc_row type=\u00bbfull_width_background\u00bb full_screen_row_position=\u00bbmiddle\u00bb bg_color=\u00bb#ffffff\u00bb scene_position=\u00bbcenter\u00bb text_color=\u00bbdark\u00bb text_align=\u00bbleft\u00bb bottom_padding=\u00bb70&#8243; overlay_strength=\u00bb0.3&#8243; shape_divider_position=\u00bbbottom\u00bb shape_type=\u00bb\u00bb][vc_column centered_text=\u00bbtrue\u00bb column_padding=\u00bbpadding-1-percent\u00bb column_padding_position=\u00bball\u00bb background_color_opacity=\u00bb1&#8243; background_hover_color_opacity=\u00bb1&#8243; column_shadow=\u00bbsmall_depth\u00bb column_border_radius=\u00bb15px\u00bb width=\u00bb1\/3&#8243; tablet_text_alignment=\u00bbdefault\u00bb phone_text_alignment=\u00bbdefault\u00bb column_border_width=\u00bbnone\u00bb]<div class=\"img-with-aniamtion-wrap \" data-max-width=\"100%\" data-border-radius=\"none\"><div class=\"inner\"><a href=\"https:\/\/www.cftestataltarapaca.cl\/inicio\/wp-content\/uploads\/2025\/06\/OTEC-mecanico2_CFT.pdf\" target=\"_blank\" class=\"\"><img loading=\"lazy\" decoding=\"async\" data-shadow=\"none\" data-shadow-direction=\"middle\" class=\"img-with-animation \" data-delay=\"0\" height=\"1350\" width=\"1079\" data-animation=\"fade-in\" src=\"https:\/\/www.cftestataltarapaca.cl\/inicio\/wp-content\/uploads\/2025\/06\/004.png\" srcset=\"https:\/\/www.cftestataltarapaca.cl\/inicio\/wp-content\/uploads\/2025\/06\/004.png 1079w, https:\/\/www.cftestataltarapaca.cl\/inicio\/wp-content\/uploads\/2025\/06\/004-240x300.png 240w, https:\/\/www.cftestataltarapaca.cl\/inicio\/wp-content\/uploads\/2025\/06\/004-818x1024.png 818w, https:\/\/www.cftestataltarapaca.cl\/inicio\/wp-content\/uploads\/2025\/06\/004-768x961.png 768w\" sizes=\"auto, 100vw\" alt=\"\" \/><\/a><\/div><\/div><div class=\"divider-wrap\"><div style=\"height: 25px;\" class=\"divider\"><\/div><\/div>[nectar_btn size=\u00bblarge\u00bb open_new_tab=\u00bbtrue\u00bb button_style=\u00bbregular\u00bb button_color_2=\u00bbExtra-Color-2&#8243; icon_family=\u00bbnone\u00bb url=\u00bbhttps:\/\/eligemejor.sence.cl\/BuscarCursoNuevo\/DetalleCursoDcp?curso=CCE-25-01-01-0027-1&#8243; text=\u00bbpostula aqu\u00ed\u00bb][\/vc_column][vc_column centered_text=\u00bbtrue\u00bb column_padding=\u00bbpadding-1-percent\u00bb column_padding_position=\u00bball\u00bb background_color_opacity=\u00bb1&#8243; background_hover_color_opacity=\u00bb1&#8243; column_shadow=\u00bbsmall_depth\u00bb column_border_radius=\u00bb15px\u00bb width=\u00bb1\/3&#8243; tablet_text_alignment=\u00bbdefault\u00bb phone_text_alignment=\u00bbdefault\u00bb column_border_width=\u00bbnone\u00bb]<div class=\"img-with-aniamtion-wrap \" data-max-width=\"100%\" data-border-radius=\"none\"><div class=\"inner\"><a href=\"https:\/\/www.cftestataltarapaca.cl\/inicio\/wp-content\/uploads\/2025\/06\/OTEC-mecanico1_CFT.pdf\" target=\"_blank\" class=\"\"><img loading=\"lazy\" decoding=\"async\" data-shadow=\"none\" data-shadow-direction=\"middle\" class=\"img-with-animation \" data-delay=\"0\" height=\"1350\" width=\"1079\" data-animation=\"fade-in\" src=\"https:\/\/www.cftestataltarapaca.cl\/inicio\/wp-content\/uploads\/2025\/06\/003.png\" srcset=\"https:\/\/www.cftestataltarapaca.cl\/inicio\/wp-content\/uploads\/2025\/06\/003.png 1079w, https:\/\/www.cftestataltarapaca.cl\/inicio\/wp-content\/uploads\/2025\/06\/003-240x300.png 240w, https:\/\/www.cftestataltarapaca.cl\/inicio\/wp-content\/uploads\/2025\/06\/003-818x1024.png 818w, https:\/\/www.cftestataltarapaca.cl\/inicio\/wp-content\/uploads\/2025\/06\/003-768x961.png 768w\" sizes=\"auto, 100vw\" alt=\"\" \/><\/a><\/div><\/div><div class=\"divider-wrap\"><div style=\"height: 25px;\" class=\"divider\"><\/div><\/div>[nectar_btn size=\u00bblarge\u00bb open_new_tab=\u00bbtrue\u00bb button_style=\u00bbregular\u00bb button_color_2=\u00bbExtra-Color-2&#8243; icon_family=\u00bbnone\u00bb url=\u00bbhttps:\/\/eligemejor.sence.cl\/BuscarCursoNuevo\/DetalleCursoDcp?curso=CCE-25-01-01-0026-1&#8243; text=\u00bbpostula aqu\u00ed\u00bb][\/vc_column][vc_column centered_text=\u00bbtrue\u00bb column_padding=\u00bbpadding-1-percent\u00bb column_padding_position=\u00bball\u00bb background_color_opacity=\u00bb1&#8243; background_hover_color_opacity=\u00bb1&#8243; column_shadow=\u00bbsmall_depth\u00bb column_border_radius=\u00bb15px\u00bb width=\u00bb1\/3&#8243; tablet_text_alignment=\u00bbdefault\u00bb phone_text_alignment=\u00bbdefault\u00bb column_border_width=\u00bbnone\u00bb]<div class=\"img-with-aniamtion-wrap \" data-max-width=\"100%\" data-border-radius=\"none\"><div class=\"inner\"><a href=\"https:\/\/www.cftestataltarapaca.cl\/inicio\/wp-content\/uploads\/2025\/06\/OTEC-paneles_CFT.pdf\" target=\"_blank\" class=\"\"><img loading=\"lazy\" decoding=\"async\" data-shadow=\"none\" data-shadow-direction=\"middle\" class=\"img-with-animation \" data-delay=\"0\" height=\"1350\" width=\"1082\" data-animation=\"fade-in\" src=\"https:\/\/www.cftestataltarapaca.cl\/inicio\/wp-content\/uploads\/2025\/06\/005.png\" srcset=\"https:\/\/www.cftestataltarapaca.cl\/inicio\/wp-content\/uploads\/2025\/06\/005.png 1082w, https:\/\/www.cftestataltarapaca.cl\/inicio\/wp-content\/uploads\/2025\/06\/005-240x300.png 240w, https:\/\/www.cftestataltarapaca.cl\/inicio\/wp-content\/uploads\/2025\/06\/005-821x1024.png 821w, https:\/\/www.cftestataltarapaca.cl\/inicio\/wp-content\/uploads\/2025\/06\/005-768x958.png 768w\" sizes=\"auto, 100vw\" alt=\"\" \/><\/a><\/div><\/div><div class=\"divider-wrap\"><div style=\"height: 25px;\" class=\"divider\"><\/div><\/div>[nectar_btn size=\u00bblarge\u00bb open_new_tab=\u00bbtrue\u00bb button_style=\u00bbregular\u00bb button_color_2=\u00bbExtra-Color-2&#8243; icon_family=\u00bbnone\u00bb url=\u00bbhttps:\/\/eligemejor.sence.cl\/BuscarCursoNuevo\/DetalleCursoDcp?curso=CCE-25-01-01-0025-1&#8243; text=\u00bbpostula aqu\u00ed\u00bb][\/vc_column][\/vc_row][vc_row type=\u00bbfull_width_background\u00bb full_screen_row_position=\u00bbmiddle\u00bb bg_image=\u00bb14433&#8243; bg_position=\u00bbleft top\u00bb bg_repeat=\u00bbno-repeat\u00bb scene_position=\u00bbcenter\u00bb text_color=\u00bblight\u00bb text_align=\u00bbcenter\u00bb top_padding=\u00bb6%\u00bb bottom_padding=\u00bb6%\u00bb enable_gradient=\u00bbtrue\u00bb color_overlay=\u00bb#2769a6&#8243; color_overlay_2=\u00bb#35a0cf\u00bb gradient_direction=\u00bbleft_to_right\u00bb overlay_strength=\u00bb0.8&#8243; enable_shape_divider=\u00bbtrue\u00bb shape_divider_position=\u00bbtop\u00bb shape_divider_height=\u00bb180&#8243; shape_type=\u00bbwaves_opacity_alt\u00bb][vc_column column_padding=\u00bbno-extra-padding\u00bb column_padding_position=\u00bball\u00bb background_color_opacity=\u00bb1&#8243; background_hover_color_opacity=\u00bb1&#8243; column_shadow=\u00bbnone\u00bb column_border_radius=\u00bbnone\u00bb width=\u00bb1\/1&#8243; tablet_text_alignment=\u00bbdefault\u00bb phone_text_alignment=\u00bbdefault\u00bb column_border_width=\u00bbnone\u00bb column_border_style=\u00bbsolid\u00bb][vc_row_inner column_margin=\u00bbdefault\u00bb text_align=\u00bbleft\u00bb][vc_column_inner column_padding=\u00bbpadding-8-percent\u00bb column_padding_position=\u00bbtop\u00bb background_color_opacity=\u00bb1&#8243; background_hover_color_opacity=\u00bb1&#8243; column_shadow=\u00bbnone\u00bb column_border_radius=\u00bbnone\u00bb width=\u00bb1\/6&#8243; column_border_width=\u00bbnone\u00bb column_border_style=\u00bbsolid\u00bb][\/vc_column_inner][vc_column_inner column_padding=\u00bbno-extra-padding\u00bb column_padding_position=\u00bball\u00bb background_color_opacity=\u00bb1&#8243; background_hover_color_opacity=\u00bb1&#8243; column_shadow=\u00bbnone\u00bb column_border_radius=\u00bbnone\u00bb width=\u00bb2\/3&#8243; column_border_width=\u00bbnone\u00bb column_border_style=\u00bbsolid\u00bb]<div class=\"divider-wrap\"><div style=\"height: 25px;\" class=\"divider\"><\/div><\/div><div class=\"divider-wrap\"><div style=\"height: 25px;\" class=\"divider\"><\/div><\/div>[vc_column_text css=\u00bb.vc_custom_1751572210127{padding-top: 50px !important;padding-bottom: 50px !important;}\u00bb]\n<h2>\u00bfTe gustar\u00eda participar en el Programa de Capacitaci\u00f3n en Oficios?<\/h2>\n<h3>Escr\u00edbenos a otec@cftestataltarapaca.cl o ll\u00e1manos al 57 2 267797 y te ayudamos en tu postulaci\u00f3n.<\/h3>\n[\/vc_column_text]<div class=\"divider-wrap\"><div style=\"height: 25px;\" class=\"divider\"><\/div><\/div>[\/vc_column_inner][vc_column_inner column_padding=\u00bbno-extra-padding\u00bb column_padding_position=\u00bball\u00bb background_color_opacity=\u00bb1&#8243; background_hover_color_opacity=\u00bb1&#8243; column_shadow=\u00bbnone\u00bb column_border_radius=\u00bbnone\u00bb width=\u00bb1\/6&#8243; column_border_width=\u00bbnone\u00bb column_border_style=\u00bbsolid\u00bb][\/vc_column_inner][\/vc_row_inner][\/vc_column][\/vc_row][vc_row type=\u00bbin_container\u00bb full_screen_row_position=\u00bbmiddle\u00bb scene_position=\u00bbcenter\u00bb text_color=\u00bbdark\u00bb text_align=\u00bbleft\u00bb overlay_strength=\u00bb0.3&#8243; shape_divider_position=\u00bbbottom\u00bb][vc_column column_padding=\u00bbno-extra-padding\u00bb column_padding_position=\u00bball\u00bb background_color_opacity=\u00bb1&#8243; background_hover_color_opacity=\u00bb1&#8243; column_shadow=\u00bbnone\u00bb column_border_radius=\u00bbnone\u00bb width=\u00bb1\/1&#8243; tablet_text_alignment=\u00bbdefault\u00bb phone_text_alignment=\u00bbdefault\u00bb column_border_width=\u00bbnone\u00bb column_border_style=\u00bbsolid\u00bb]<div class=\"divider-wrap\"><div style=\"height: 25px;\" class=\"divider\"><\/div><\/div><div class=\"divider-wrap\"><div style=\"height: 25px;\" class=\"divider\"><\/div><\/div>[\/vc_column][\/vc_row][vc_row type=\u00bbin_container\u00bb full_screen_row_position=\u00bbmiddle\u00bb scene_position=\u00bbcenter\u00bb text_color=\u00bbdark\u00bb text_align=\u00bbleft\u00bb id=\u00bbpreguntas-frecuentes\u00bb overlay_strength=\u00bb0.3&#8243; shape_divider_position=\u00bbbottom\u00bb shape_type=\u00bb\u00bb][vc_column column_padding=\u00bbno-extra-padding\u00bb column_padding_position=\u00bball\u00bb background_color_opacity=\u00bb1&#8243; background_hover_color_opacity=\u00bb1&#8243; column_shadow=\u00bbnone\u00bb column_border_radius=\u00bbnone\u00bb width=\u00bb1\/1&#8243; tablet_text_alignment=\u00bbdefault\u00bb phone_text_alignment=\u00bbdefault\u00bb column_border_width=\u00bbnone\u00bb column_border_style=\u00bbsolid\u00bb][vc_column_text]\n<h2 style=\"color: #0fb2db;\">Preguntas Frecuentes<\/h2>\n[\/vc_column_text]<div class=\"divider-wrap\"><div style=\"height: 25px;\" class=\"divider\"><\/div><\/div><div class=\"toggles \" data-style=\"default\"><div class=\"toggle accent-color\"><h3><a href=\"#\"><i class=\"icon-plus-sign\"><\/i><b>\u00bfQu\u00e9 es el Programa Capacitaci\u00f3n en Oficios, L\u00ednea Estudios Superiores?<\/b><\/a><\/h3><div>[vc_column_text]\n<p style=\"text-align: justify;\">Es un programa de capacitaci\u00f3n e inserci\u00f3n laboral, que tiene por objeto generar competencias laborales en las personas vulnerables, con el prop\u00f3sito de aumentar la posibilidad de encontrar un empleo de calidad y\/o en caso de tratarse de trabajadores o trabajadoras independientes, aumentando sus ingresos. Lo anterior, a trav\u00e9s del desarrollo de actividades de Formaci\u00f3n de Oficios para el empleo.<\/p>\n[\/vc_column_text]<\/div><\/div><\/div><div class=\"toggles \" data-style=\"default\"><div class=\"toggle accent-color\"><h3><a href=\"#\"><i class=\"icon-plus-sign\"><\/i><b>\u00bfQu\u00e9 es la L\u00ednea Estudios Superiores?<\/b><\/a><\/h3><div>[vc_column_text]\n<p style=\"text-align: justify;\">La L\u00ednea Estudios Superiores tiene por objetivo que los Centros de Formaci\u00f3n T\u00e9cnica Estatales, impartan cursos que generen competencias laborales, construyendo adem\u00e1s una ruta formativo laboral mediante la articulaci\u00f3n del oficio impartido y alguna de las Carreras T\u00e9cnico Nivel Superior ofrecidas por la instituci\u00f3n.<\/p>\n[\/vc_column_text]<\/div><\/div><\/div><div class=\"toggles \" data-style=\"default\"><div class=\"toggle accent-color\"><h3><a href=\"#\"><i class=\"icon-plus-sign\"><\/i><b>\u00bfCu\u00e1les son los oficios que impartir\u00e1 el CFT Estatal de Tarapac\u00e1?<\/b><\/a><\/h3><div>[vc_column_text]\n<ul>\n<li>Instalaci\u00f3n El\u00e9ctrica clase D<\/li>\n<li>Instalaci\u00f3n y mantenimiento de paneles solares<\/li>\n<li>Asistencia de Cuidados B\u00e1sicos e Integral del Adulto y Adulto Mayor<\/li>\n<li>T\u00e9cnicas de mantenimiento predictivo en equipos planta<\/li>\n<li>T\u00e9cnicas de mantenimiento para sistemas mec\u00e1nicos e hidroneum\u00e1ticos en equipos m\u00f3viles<\/li>\n<li>Gesti\u00f3n Administrativa y documental de operaciones log\u00edsticas<\/li>\n<\/ul>\n[\/vc_column_text]<\/div><\/div><\/div><div class=\"toggles \" data-style=\"default\"><div class=\"toggle accent-color\"><h3><a href=\"#\"><i class=\"icon-plus-sign\"><\/i><b>\u00bfA qu\u00e9 carreras t\u00e9cnicas puedo optar una vez terminado el oficio?<\/b><\/a><\/h3><div>[vc_column_text]\n<p style=\"text-align: justify;\">Dependiendo del oficio realizado, las opciones de articulaci\u00f3n de los m\u00f3dulos ya realizados son las siguientes:<\/p>\n<table>\n<tbody>\n<tr>\n<td width=\"294\"><strong>Cursos en Oficio<\/strong><\/td>\n<td width=\"294\"><strong>Articulaci\u00f3n a Carrera de Educaci\u00f3n Superior<\/strong><\/td>\n<\/tr>\n<tr>\n<td width=\"294\">Instalaci\u00f3n El\u00e9ctrica clase D<\/p>\n<p><strong>\u00a0<\/strong><\/td>\n<td width=\"294\"><strong>TNS en Electricidad Industrial<\/strong><\/td>\n<\/tr>\n<tr>\n<td width=\"294\">Instalaci\u00f3n y mantenimiento de paneles solares<\/td>\n<td width=\"294\"><strong>TNS en Electricidad Industrial<\/strong><\/td>\n<\/tr>\n<tr>\n<td width=\"294\">Asistencia de cuidados b\u00e1sicos e integral del adulto o adulto mayor<\/td>\n<td width=\"294\"><strong>TNS en Enfermer\u00eda<\/strong><\/td>\n<\/tr>\n<tr>\n<td width=\"294\">T\u00e9cnicas de mantenimiento predictivo en equipos de planta<\/td>\n<td width=\"294\"><strong>TNS Mec\u00e1nico en Mantenimiento Predictivo<\/strong><\/td>\n<\/tr>\n<tr>\n<td width=\"294\">T\u00e9cnicas de mantenimiento para sistemas mec\u00e1nicos e hidroneum\u00e1ticos en equipos m\u00f3viles<\/td>\n<td width=\"294\"><strong>TNS Mec\u00e1nico en Mantenimiento Predictivo<\/strong><\/td>\n<\/tr>\n<tr>\n<td width=\"294\">Gesti\u00f3n administrativa y documental en procesos log\u00edsticos<\/td>\n<td width=\"294\"><strong>TNS en Log\u00edstica<\/strong><\/td>\n<\/tr>\n<\/tbody>\n<\/table>\n[\/vc_column_text]<\/div><\/div><\/div><div class=\"toggles \" data-style=\"default\"><div class=\"toggle accent-color\"><h3><a href=\"#\"><i class=\"icon-plus-sign\"><\/i><b>\u00bfHasta cu\u00e1ndo y d\u00f3nde puedo inscribirme en estos oficios que imparte el CFT Estatal?<\/b><\/a><\/h3><div>[vc_column_text]\n<p style=\"text-align: justify;\">Hasta el viernes 11 de julio de 2025, a trav\u00e9s de las siguientes p\u00e1ginas web:<\/p>\n<p><strong>\u2013 www.cftestataltarapaca.cl<\/strong><br \/>\n<strong>\u2013 www.sence.cl<\/strong><\/p>\n<p>Una vez ingresada la postulaci\u00f3n, el Equipo de Coordinaci\u00f3n del Programa se comunicar\u00e1 con los postulantes para las siguientes etapas de selecci\u00f3n y matr\u00edcula.<br \/>\nAdem\u00e1s, puedes comunicarte al e-mail: <strong>otec@cftestataltarapaca.cl<\/strong> o al tel\u00e9fono contacto: <strong>57 2 267797<\/strong>.[\/vc_column_text]<\/div><\/div><\/div><div class=\"toggles \" data-style=\"default\"><div class=\"toggle accent-color\"><h3><a href=\"#\"><i class=\"icon-plus-sign\"><\/i><b>\u00bfQu\u00e9 documentaci\u00f3n se debe presentar para la inscripci\u00f3n?<\/b><\/a><\/h3><div>[vc_column_text]\n<ul>\n<li style=\"list-style-type: none;\">\n<ul>\n<li>Fotocopia de c\u00e9dula de identidad vigente<\/li>\n<li>Licencia de Educaci\u00f3n Media completa o certificado de alumno regular que acredite que se encuentra cursando 4to. Medio.<\/li>\n<li>Cartola del Registro Social de Hogares que acredite hasta el 60% de vulnerabilidad.<\/li>\n<li>Personas extranjeras, deben contar con estudios acreditados y residencia en Chile.<\/li>\n<\/ul>\n<\/li>\n<\/ul>\n[\/vc_column_text]<\/div><\/div><\/div><div class=\"toggles \" data-style=\"default\"><div class=\"toggle accent-color\"><h3><a href=\"#\"><i class=\"icon-plus-sign\"><\/i><b>\u00bfCu\u00e1l es el valor asociado a la obtenci\u00f3n de estos oficios?<\/b><\/a><\/h3><div>[vc_column_text]No tiene costo para el participante seleccionado.[\/vc_column_text]<\/div><\/div><\/div><div class=\"toggles \" data-style=\"default\"><div class=\"toggle accent-color\"><h3><a href=\"#\"><i class=\"icon-plus-sign\"><\/i><b>\u00bfQu\u00e9 d\u00eda comienzan las clases?<\/b><\/a><\/h3><div>[vc_column_text]Dependiendo del curso al que haya postulado, las fechas de inicio parten entre el 04 de agosto al 01 de septiembre del 2025.[\/vc_column_text]<\/div><\/div><\/div><div class=\"toggles \" data-style=\"default\"><div class=\"toggle accent-color\"><h3><a href=\"#\"><i class=\"icon-plus-sign\"><\/i><b>\u00bfCu\u00e1l es la duraci\u00f3n de esta capacitaci\u00f3n?<\/b><\/a><\/h3><div>[vc_column_text]\n<p style=\"text-align: justify;\">Las capacitaciones tienen una duraci\u00f3n entre 310 a 350 horas cronol\u00f3gicas, esto quiere decir, que se encuentran distribuidas entre 62 a 70 d\u00edas h\u00e1biles de 5 horas diarias.<\/p>\n[\/vc_column_text]<\/div><\/div><\/div><div class=\"toggles \" data-style=\"default\"><div class=\"toggle accent-color\"><h3><a href=\"#\"><i class=\"icon-plus-sign\"><\/i><b>\u00bfEn qu\u00e9 modalidad se realizar\u00e1n estos cursos de capacitaci\u00f3n?<\/b><\/a><\/h3><div>[vc_column_text]Todos los cursos que se impartir\u00e1n en modalidad 100% presencial.[\/vc_column_text]<\/div><\/div><\/div><div class=\"toggles \" data-style=\"default\"><div class=\"toggle accent-color\"><h3><a href=\"#\"><i class=\"icon-plus-sign\"><\/i><b>\u00bfEn qu\u00e9 horarios se realizar\u00e1n estos cursos de capacitaci\u00f3n?<\/b><\/a><\/h3><div>[vc_column_text]Los horarios de los cursos ser\u00e1n los siguientes:<\/p>\n<table>\n<tbody>\n<tr>\n<td width=\"204\"><strong>Capacitaciones en Oficio<\/strong><\/td>\n<td width=\"145\"><strong>Horarios<\/strong><\/td>\n<td width=\"192\"><strong>Comuna de Ejecuci\u00f3n<\/strong><\/td>\n<\/tr>\n<tr>\n<td width=\"204\">Instalaci\u00f3n El\u00e9ctrica clase D<\/p>\n<p><strong>\u00a0<\/strong><\/td>\n<td width=\"145\"><strong>13:30 a 18:30<\/strong><\/td>\n<td width=\"192\"><strong>Alto Hospicio<\/strong><\/td>\n<\/tr>\n<tr>\n<td width=\"204\">Instalaci\u00f3n y mantenimiento de paneles solares<\/td>\n<td width=\"145\"><strong>13:30 a 18:30<\/strong><\/td>\n<td width=\"192\"><strong>Alto Hospicio<\/strong><\/td>\n<\/tr>\n<tr>\n<td width=\"204\">Asistencia de cuidados b\u00e1sicos e integral del adulto o adulto mayor<\/td>\n<td width=\"145\"><strong>08:30 a 13:30<\/strong><\/td>\n<td width=\"192\"><strong>Alto Hospicio<\/strong><\/td>\n<\/tr>\n<tr>\n<td width=\"204\">T\u00e9cnicas de mantenimiento predictivo en equipos de planta<\/td>\n<td width=\"145\"><strong>13:30 a 18:30<\/strong><\/td>\n<td width=\"192\"><strong>Alto Hospicio<\/strong><\/td>\n<\/tr>\n<tr>\n<td width=\"204\">T\u00e9cnicas de mantenimiento para sistemas mec\u00e1nicos e hidroneum\u00e1ticos en equipos m\u00f3viles<\/td>\n<td width=\"145\"><strong>13:30 a 18:30<\/strong><\/td>\n<td width=\"192\"><strong>Alto Hospicio<\/strong><\/td>\n<\/tr>\n<tr>\n<td width=\"204\">Gesti\u00f3n administrativa y documental en procesos log\u00edsticos<\/td>\n<td width=\"145\"><strong>08:30 a 13:30<\/strong><\/td>\n<td width=\"192\"><strong>Iquique<\/strong><\/td>\n<\/tr>\n<\/tbody>\n<\/table>\n[\/vc_column_text]<\/div><\/div><\/div><div class=\"toggles \" data-style=\"default\"><div class=\"toggle accent-color\"><h3><a href=\"#\"><i class=\"icon-plus-sign\"><\/i><b>\u00bfExiste alguna exigencia para la obtenci\u00f3n de los oficios?<\/b><\/a><\/h3><div>[vc_column_text]\n<ul>\n<li>Obtener una asistencia mayor al 75% que ser\u00e1 verificado con el libro de clases presencial.<\/li>\n<li>Aprobar las evaluaciones de cada m\u00f3dulo con una nota m\u00ednima de 4.0.<\/li>\n<\/ul>\n[\/vc_column_text]<\/div><\/div><\/div><div class=\"toggles \" data-style=\"default\"><div class=\"toggle accent-color\"><h3><a href=\"#\"><i class=\"icon-plus-sign\"><\/i><b>\u00bfEl programa proporciona alg\u00fan beneficio?<\/b><\/a><\/h3><div>[vc_column_text]\n<ul>\n<li>Subsidio de Movilizaci\u00f3n por d\u00eda asistido.<\/li>\n<li>Subsidio de Cuidado Infantil por d\u00eda asistido.<\/li>\n<li>Seguro de Accidentes.<\/li>\n<li>Certificaci\u00f3n SEC Clase D para curso de Instalaciones El\u00e9ctricas Clase D<\/li>\n<li>Certificaci\u00f3n de Competencias de Chile Valora<\/li>\n<\/ul>\n[\/vc_column_text]<\/div><\/div><div class=\"toggle accent-color\"><h3><a href=\"#\"><i class=\"icon-plus-sign\"><\/i><b>\u00bfQu\u00e9 significa contar con una Certificaci\u00f3n de Chile Valora?<\/b><\/a><\/h3><div>[vc_column_text]\n<ul>\n<li style=\"text-align: justify;\">La Certificaci\u00f3n de Competencias Laborales busca reconocer formalmente conocimientos, habilidades y destrezas de las personas en un determinado oficio, independiente de la forma en que hayan sido adquiridas y de si tienen o no un t\u00edtulo o grado acad\u00e9mico.<\/li>\n<li style=\"text-align: justify;\">La evaluaci\u00f3n de competencias se realiza en base a un <strong><em>perfil ocupacional<\/em><\/strong>, el cual es el est\u00e1ndar que indica cu\u00e1les son los conocimientos que una persona debe tener para ejercer adecuadamente un oficio u ocupaci\u00f3n. Este est\u00e1ndar es definido de forma tripartita mediante un acuerdo entre empleadores, trabajadores y el Estado, en mesas de trabajo representativas de una industria o sector productivo.<\/li>\n<li style=\"text-align: justify;\">El Servicio Nacional de Capacitaci\u00f3n y Empleo (SENCE) financia esta certificaci\u00f3n a todos los participantes de las capacitaciones en oficios que hayan aprobado de acuerdo con las exigencias descritas.<\/li>\n<\/ul>\n[\/vc_column_text]<\/div><\/div><div class=\"toggle accent-color\"><h3><a href=\"#\"><i class=\"icon-plus-sign\"><\/i><b>\u00bfA qu\u00e9 perfiles ocupacionales puedo optar con estas capacitaciones que imparte el CFT Estatal de Tarapac\u00e1?<\/b><\/a><\/h3><div>[vc_column_text]De acuerdo con los est\u00e1ndares de Chile Valora los perfiles ocupacionales a los que puedes optar son:<\/p>\n<table>\n<tbody>\n<tr>\n<td width=\"254\"><strong>Capacitaciones en Oficio<\/strong><\/td>\n<td width=\"284\"><strong>Perfiles Ocupacionales<\/strong><\/td>\n<\/tr>\n<tr>\n<td width=\"254\">Instalaci\u00f3n El\u00e9ctrica clase D<\/p>\n<p><strong>\u00a0<\/strong><\/td>\n<td width=\"284\">Instalador(a) El\u00e9ctrico(a) Clase D<\/td>\n<\/tr>\n<tr>\n<td width=\"254\">Instalaci\u00f3n y mantenimiento de paneles solares<\/td>\n<td width=\"284\">Instalador(a) de Sistemas Solares Fotovoltaicos<\/td>\n<\/tr>\n<tr>\n<td width=\"254\">Asistencia de cuidados b\u00e1sicos e integral del adulto o adulto mayor<\/td>\n<td width=\"284\">Cuidador\/a de Personas Mayores<\/td>\n<\/tr>\n<tr>\n<td width=\"254\">T\u00e9cnicas de mantenimiento predictivo en equipos de planta<\/td>\n<td width=\"284\">Mantenedor(a) Mec\u00e1nico(a) Avanzado(a) Planta<\/td>\n<\/tr>\n<tr>\n<td width=\"254\">T\u00e9cnicas de mantenimiento para sistemas mec\u00e1nicos e hidroneum\u00e1ticos en equipos m\u00f3viles<\/td>\n<td width=\"284\">Mantenedor(a) Mec\u00e1nico(a) Avanzado(a) Equipos M\u00f3viles<\/td>\n<\/tr>\n<tr>\n<td width=\"254\">Gesti\u00f3n administrativa y documental en procesos log\u00edsticos<\/td>\n<td width=\"284\">Administrativo(a) Log\u00edstico(a)<\/td>\n<\/tr>\n<\/tbody>\n<\/table>\n<p>Para m\u00e1s informaci\u00f3n puedes visitar el enlace: <a href=\"https:\/\/certificacion.chilevalora.cl\/ChileValora-publica\/perfilesList.html?limpiarFiltros\">https:\/\/certificacion.chilevalora.cl\/ChileValora-publica\/perfilesList.html?limpiarFiltros<\/a>[\/vc_column_text]<\/div><\/div><\/div><div class=\"toggles \" data-style=\"default\"><div class=\"toggle accent-color\"><h3><a href=\"#\"><i class=\"icon-plus-sign\"><\/i><b>\u00bfQui\u00e9nes no pueden participar del Programa?<\/b><\/a><\/h3><div>[vc_column_text]\n<ul>\n<li>Hayan desertado injustificadamente6, en alg\u00fan Programa de Capacitaci\u00f3n financiado por el SENCE durante el mismo a\u00f1o calendario de ejecuci\u00f3n de estos Programas.<\/li>\n<li>Al momento de postular, se encuentren inscritos como alumnos o alumnas de cursos SENCE financiados por el Fondo Nacional de Capacitaci\u00f3n o Programa Becas Laborales.<\/li>\n<li>Al momento de postular, se encuentren inscritos como alumnos o alumnas regulares en Institutos Profesionales, Centros de Formaci\u00f3n T\u00e9cnica y\/o en Universidades Estatales y Privadas.<\/li>\n<\/ul>\n[\/vc_column_text]<\/div><\/div><\/div>[\/vc_column][\/vc_row][vc_row type=\u00bbin_container\u00bb full_screen_row_position=\u00bbmiddle\u00bb scene_position=\u00bbcenter\u00bb text_color=\u00bbdark\u00bb text_align=\u00bbleft\u00bb overlay_strength=\u00bb0.3&#8243; shape_divider_position=\u00bbbottom\u00bb][vc_column column_padding=\u00bbpadding-3-percent\u00bb column_padding_position=\u00bball\u00bb background_color_opacity=\u00bb1&#8243; background_hover_color_opacity=\u00bb1&#8243; column_shadow=\u00bbsmall_depth\u00bb column_border_radius=\u00bb10px\u00bb width=\u00bb1\/2&#8243; tablet_text_alignment=\u00bbdefault\u00bb phone_text_alignment=\u00bbdefault\u00bb column_border_width=\u00bbnone\u00bb][vc_column_text css=\u00bb.vc_custom_1664369648600{padding-top: 10px !important;padding-right: 10px !important;padding-bottom: 10px !important;padding-left: 10px !important;}\u00bb]\n<h2 style=\"color: #0fb2db;\">Derechos:<\/h2>\n<p style=\"text-align: justify;\">1. Ser informados sobre las normas, reglamentos y disposiciones de la instituci\u00f3n y el programa de capacitaci\u00f3n en el cual participa.<br \/>\n2. Recibir de todos los miembros de la comunidad que participa de la capacitaci\u00f3n un trato respetuoso independiente de aspectos religiosos, pol\u00edticos y de g\u00e9nero.<br \/>\n3. Recibir una formaci\u00f3n adecuada que le entregue de acuerdo al programa, al curso \/ oficio y objetivos concertados por la instituci\u00f3n capacitadora.<br \/>\n4. Expresar libre y respetuosamente sus inquietudes en cuanto a las actividades y las condiciones de la capacitaci\u00f3n siguiendo el conducto regular informado\u2028por la instituci\u00f3n.<br \/>\n5. Conocer con anterioridad los est\u00e1ndares de evaluaci\u00f3n.<br \/>\n6. Tener acceso a ser atendido por el personal administrativo oportunamente y a los servicios en los que ofrezca la instituci\u00f3n en los horarios previamente establecidos.<br \/>\n7. Hacer uso adecuado de las instalaciones, dotaci\u00f3n y servicio que corresponden a las actividades tanto curriculares como extracurriculares debidamente planeados.<br \/>\n8. Que situaciones problem\u00e1ticas tanto en lo acad\u00e9mico como en lo disciplinario y social sean tratados mediante un procedimiento que reconozca la importancia<br \/>\n9. del di\u00e1logo democr\u00e1tico.<br \/>\n10. Que se le respeten sus bienes y pertenencias.<br \/>\n11. Que la informaci\u00f3n personal que sobre \u00e9l tenga la instituci\u00f3n, se maneje con privacidad profesional.[\/vc_column_text][\/vc_column][vc_column column_padding=\u00bbpadding-3-percent\u00bb column_padding_position=\u00bball\u00bb background_color_opacity=\u00bb1&#8243; background_hover_color_opacity=\u00bb1&#8243; column_shadow=\u00bbsmall_depth\u00bb column_border_radius=\u00bb10px\u00bb width=\u00bb1\/2&#8243; tablet_text_alignment=\u00bbdefault\u00bb phone_text_alignment=\u00bbdefault\u00bb column_border_width=\u00bbnone\u00bb][vc_column_text css=\u00bb.vc_custom_1664369660081{padding-top: 10px !important;padding-right: 10px !important;padding-bottom: 10px !important;padding-left: 10px !important;}\u00bb]\n<h2 style=\"color: #0fb2db;\">Deberes:<\/h2>\n<p style=\"text-align: justify;\">1. Respetar los derechos y opiniones de quienes participan en los cursos teniendo una sana convivencia que garantice el ordenamiento administrativo y acad\u00e9mico de la instituci\u00f3n en el desarrollo de la capacitaci\u00f3n.<br \/>\n2. Tratar a todos los miembros de la comunidad educativa en forma respetuoso y amable.<br \/>\n3. Dar de s\u00ed todo lo necesario para obtener la formaci\u00f3n integral deseada. Asistir puntualmente a clase y a todas las actividades programadas para su formaci\u00f3n.<br \/>\n4. Aceptar las sugerencias que en torno a sus solicitudes y reclamos se le hagan.<br \/>\n5. Estar en disposici\u00f3n para un aprendizaje basado en la cooperaci\u00f3n y la solidaridad al solicitar y recibir la capacitaci\u00f3n.<br \/>\n6. Tener disposici\u00f3n a aportar soluci\u00f3n a los problemas.<br \/>\n7. Hacerse responsable, si correspondiera, de da\u00f1os y p\u00e9rdidas ocurridas en las instalaciones, dotaciones y servicios que se ponen a disposici\u00f3n.<br \/>\n8. Mantener, proteger y conservar adecuadamente el medio ambiente dentro y fuera del establecimiento donde se desarrolla la capacitaci\u00f3n.<br \/>\n9. Tienen derecho a asociarse para expresar sus inquietudes, ideas, cuestionamientos y propuestas a nivel institucional.<br \/>\n10. Cumplir y hacer cumplir estos deberes.<\/p>\n[\/vc_column_text][\/vc_column][\/vc_row]\n","protected":false},"excerpt":{"rendered":"<p>[vc_row type=\u00bbfull_width_background\u00bb full_screen_row_position=\u00bbmiddle\u00bb bg_image=\u00bb14433&#8243; bg_position=\u00bbleft top\u00bb bg_repeat=\u00bbno-repeat\u00bb bg_color=\u00bb#46b1d6&#8243; scene_position=\u00bbcenter\u00bb text_color=\u00bblight\u00bb text_align=\u00bbleft\u00bb top_padding=\u00bb3%\u00bb bottom_padding=\u00bb3%\u00bb enable_gradient=\u00bbtrue\u00bb color_overlay=\u00bb#2769a6&#8243; color_overlay_2=\u00bb#35a0cf\u00bb gradient_direction=\u00bbleft_to_right\u00bb overlay_strength=\u00bb0.8&#8243; enable_shape_divider=\u00bbtrue\u00bb shape_divider_position=\u00bbbottom\u00bb shape_divider_height=\u00bb180&#8243; shape_type=\u00bbwaves_opacity_alt\u00bb][vc_column column_padding=\u00bbno-extra-padding\u00bb column_padding_position=\u00bbtop-bottom\u00bb background_color_opacity=\u00bb1&#8243; background_hover_color_opacity=\u00bb1&#8243; column_shadow=\u00bbnone\u00bb column_border_radius=\u00bbnone\u00bb top_margin=\u00bb20&#8243; bottom_margin=\u00bb20&#8243;&#8230;<\/p>\n","protected":false},"author":1,"featured_media":0,"parent":0,"menu_order":0,"comment_status":"open","ping_status":"open","template":"","meta":{"_joinchat":[],"footnotes":""},"class_list":["post-1288","page","type-page","status-publish","hentry"],"yoast_head":"<!-- This site is optimized with the Yoast SEO plugin v27.4 - https:\/\/yoast.com\/product\/yoast-seo-wordpress\/ -->\n<title>Programa de Capacitaci\u00f3n en Oficios - CFT Estatal Tarapac\u00e1<\/title>\n<meta name=\"description\" content=\"Bienvenidos al sitio de Formaci\u00f3n Continua del Centro de Formaci\u00f3n T\u00e9cnica Estatal de Tarapac\u00e1. Inf\u00f3rmate sobre Capacitaciones.\" \/>\n<meta name=\"robots\" content=\"index, follow, max-snippet:-1, max-image-preview:large, max-video-preview:-1\" \/>\n<link rel=\"canonical\" href=\"https:\/\/www.cftestataltarapaca.cl\/inicio\/programa-sence\/\" \/>\n<meta property=\"og:locale\" content=\"es_ES\" \/>\n<meta property=\"og:type\" content=\"article\" \/>\n<meta property=\"og:title\" content=\"Programa de Capacitaci\u00f3n en Oficios - CFT Estatal Tarapac\u00e1\" \/>\n<meta property=\"og:description\" content=\"Bienvenidos al sitio de Formaci\u00f3n Continua del Centro de Formaci\u00f3n T\u00e9cnica Estatal de Tarapac\u00e1. Inf\u00f3rmate sobre Capacitaciones.\" \/>\n<meta property=\"og:url\" content=\"https:\/\/www.cftestataltarapaca.cl\/inicio\/programa-sence\/\" \/>\n<meta property=\"og:site_name\" content=\"CFT Estatal Tarapac\u00e1\" \/>\n<meta property=\"article:publisher\" content=\"https:\/\/www.facebook.com\/CFTestataltarapaca\/\" \/>\n<meta property=\"article:modified_time\" content=\"2025-07-03T20:07:25+00:00\" \/>\n<meta name=\"twitter:card\" content=\"summary_large_image\" \/>\n<meta name=\"twitter:site\" content=\"@CFTesTarapaca\" \/>\n<meta name=\"twitter:label1\" content=\"Tiempo de lectura\" \/>\n\t<meta name=\"twitter:data1\" content=\"10 minutos\" \/>\n<script type=\"application\/ld+json\" class=\"yoast-schema-graph\">{\"@context\":\"https:\\\/\\\/schema.org\",\"@graph\":[{\"@type\":\"WebPage\",\"@id\":\"https:\\\/\\\/www.cftestataltarapaca.cl\\\/inicio\\\/programa-sence\\\/\",\"url\":\"https:\\\/\\\/www.cftestataltarapaca.cl\\\/inicio\\\/programa-sence\\\/\",\"name\":\"Programa de Capacitaci\u00f3n en Oficios - CFT Estatal Tarapac\u00e1\",\"isPartOf\":{\"@id\":\"https:\\\/\\\/www.cftestataltarapaca.cl\\\/inicio\\\/#website\"},\"datePublished\":\"2019-03-15T18:06:13+00:00\",\"dateModified\":\"2025-07-03T20:07:25+00:00\",\"description\":\"Bienvenidos al sitio de Formaci\u00f3n Continua del Centro de Formaci\u00f3n T\u00e9cnica Estatal de Tarapac\u00e1. Inf\u00f3rmate sobre Capacitaciones.\",\"breadcrumb\":{\"@id\":\"https:\\\/\\\/www.cftestataltarapaca.cl\\\/inicio\\\/programa-sence\\\/#breadcrumb\"},\"inLanguage\":\"es\",\"potentialAction\":[{\"@type\":\"ReadAction\",\"target\":[\"https:\\\/\\\/www.cftestataltarapaca.cl\\\/inicio\\\/programa-sence\\\/\"]}]},{\"@type\":\"BreadcrumbList\",\"@id\":\"https:\\\/\\\/www.cftestataltarapaca.cl\\\/inicio\\\/programa-sence\\\/#breadcrumb\",\"itemListElement\":[{\"@type\":\"ListItem\",\"position\":1,\"name\":\"Portada\",\"item\":\"https:\\\/\\\/www.cftestataltarapaca.cl\\\/inicio\\\/\"},{\"@type\":\"ListItem\",\"position\":2,\"name\":\"Programa de Capacitaci\u00f3n en Oficios\"}]},{\"@type\":\"WebSite\",\"@id\":\"https:\\\/\\\/www.cftestataltarapaca.cl\\\/inicio\\\/#website\",\"url\":\"https:\\\/\\\/www.cftestataltarapaca.cl\\\/inicio\\\/\",\"name\":\"CFT Estatal Tarapac\u00e1\",\"description\":\"Admisi\u00f3n 2025\",\"publisher\":{\"@id\":\"https:\\\/\\\/www.cftestataltarapaca.cl\\\/inicio\\\/#organization\"},\"potentialAction\":[{\"@type\":\"SearchAction\",\"target\":{\"@type\":\"EntryPoint\",\"urlTemplate\":\"https:\\\/\\\/www.cftestataltarapaca.cl\\\/inicio\\\/?s={search_term_string}\"},\"query-input\":{\"@type\":\"PropertyValueSpecification\",\"valueRequired\":true,\"valueName\":\"search_term_string\"}}],\"inLanguage\":\"es\"},{\"@type\":\"Organization\",\"@id\":\"https:\\\/\\\/www.cftestataltarapaca.cl\\\/inicio\\\/#organization\",\"name\":\"CFT Estatal Tarapac\u00e1\",\"url\":\"https:\\\/\\\/www.cftestataltarapaca.cl\\\/inicio\\\/\",\"logo\":{\"@type\":\"ImageObject\",\"inLanguage\":\"es\",\"@id\":\"https:\\\/\\\/www.cftestataltarapaca.cl\\\/inicio\\\/#\\\/schema\\\/logo\\\/image\\\/\",\"url\":\"https:\\\/\\\/www.cftestataltarapaca.cl\\\/inicio\\\/wp-content\\\/uploads\\\/2019\\\/03\\\/logo-retina-1.png\",\"contentUrl\":\"https:\\\/\\\/www.cftestataltarapaca.cl\\\/inicio\\\/wp-content\\\/uploads\\\/2019\\\/03\\\/logo-retina-1.png\",\"width\":401,\"height\":150,\"caption\":\"CFT Estatal Tarapac\u00e1\"},\"image\":{\"@id\":\"https:\\\/\\\/www.cftestataltarapaca.cl\\\/inicio\\\/#\\\/schema\\\/logo\\\/image\\\/\"},\"sameAs\":[\"https:\\\/\\\/www.facebook.com\\\/CFTestataltarapaca\\\/\",\"https:\\\/\\\/x.com\\\/CFTesTarapaca\",\"https:\\\/\\\/www.instagram.com\\\/CFTestataltarapaca\\\/\"]}]}<\/script>\n<!-- \/ Yoast SEO plugin. -->","yoast_head_json":{"title":"Programa de Capacitaci\u00f3n en Oficios - CFT Estatal Tarapac\u00e1","description":"Bienvenidos al sitio de Formaci\u00f3n Continua del Centro de Formaci\u00f3n T\u00e9cnica Estatal de Tarapac\u00e1. Inf\u00f3rmate sobre Capacitaciones.","robots":{"index":"index","follow":"follow","max-snippet":"max-snippet:-1","max-image-preview":"max-image-preview:large","max-video-preview":"max-video-preview:-1"},"canonical":"https:\/\/www.cftestataltarapaca.cl\/inicio\/programa-sence\/","og_locale":"es_ES","og_type":"article","og_title":"Programa de Capacitaci\u00f3n en Oficios - CFT Estatal Tarapac\u00e1","og_description":"Bienvenidos al sitio de Formaci\u00f3n Continua del Centro de Formaci\u00f3n T\u00e9cnica Estatal de Tarapac\u00e1. Inf\u00f3rmate sobre Capacitaciones.","og_url":"https:\/\/www.cftestataltarapaca.cl\/inicio\/programa-sence\/","og_site_name":"CFT Estatal Tarapac\u00e1","article_publisher":"https:\/\/www.facebook.com\/CFTestataltarapaca\/","article_modified_time":"2025-07-03T20:07:25+00:00","twitter_card":"summary_large_image","twitter_site":"@CFTesTarapaca","twitter_misc":{"Tiempo de lectura":"10 minutos"},"schema":{"@context":"https:\/\/schema.org","@graph":[{"@type":"WebPage","@id":"https:\/\/www.cftestataltarapaca.cl\/inicio\/programa-sence\/","url":"https:\/\/www.cftestataltarapaca.cl\/inicio\/programa-sence\/","name":"Programa de Capacitaci\u00f3n en Oficios - CFT Estatal Tarapac\u00e1","isPartOf":{"@id":"https:\/\/www.cftestataltarapaca.cl\/inicio\/#website"},"datePublished":"2019-03-15T18:06:13+00:00","dateModified":"2025-07-03T20:07:25+00:00","description":"Bienvenidos al sitio de Formaci\u00f3n Continua del Centro de Formaci\u00f3n T\u00e9cnica Estatal de Tarapac\u00e1. Inf\u00f3rmate sobre Capacitaciones.","breadcrumb":{"@id":"https:\/\/www.cftestataltarapaca.cl\/inicio\/programa-sence\/#breadcrumb"},"inLanguage":"es","potentialAction":[{"@type":"ReadAction","target":["https:\/\/www.cftestataltarapaca.cl\/inicio\/programa-sence\/"]}]},{"@type":"BreadcrumbList","@id":"https:\/\/www.cftestataltarapaca.cl\/inicio\/programa-sence\/#breadcrumb","itemListElement":[{"@type":"ListItem","position":1,"name":"Portada","item":"https:\/\/www.cftestataltarapaca.cl\/inicio\/"},{"@type":"ListItem","position":2,"name":"Programa de Capacitaci\u00f3n en Oficios"}]},{"@type":"WebSite","@id":"https:\/\/www.cftestataltarapaca.cl\/inicio\/#website","url":"https:\/\/www.cftestataltarapaca.cl\/inicio\/","name":"CFT Estatal Tarapac\u00e1","description":"Admisi\u00f3n 2025","publisher":{"@id":"https:\/\/www.cftestataltarapaca.cl\/inicio\/#organization"},"potentialAction":[{"@type":"SearchAction","target":{"@type":"EntryPoint","urlTemplate":"https:\/\/www.cftestataltarapaca.cl\/inicio\/?s={search_term_string}"},"query-input":{"@type":"PropertyValueSpecification","valueRequired":true,"valueName":"search_term_string"}}],"inLanguage":"es"},{"@type":"Organization","@id":"https:\/\/www.cftestataltarapaca.cl\/inicio\/#organization","name":"CFT Estatal Tarapac\u00e1","url":"https:\/\/www.cftestataltarapaca.cl\/inicio\/","logo":{"@type":"ImageObject","inLanguage":"es","@id":"https:\/\/www.cftestataltarapaca.cl\/inicio\/#\/schema\/logo\/image\/","url":"https:\/\/www.cftestataltarapaca.cl\/inicio\/wp-content\/uploads\/2019\/03\/logo-retina-1.png","contentUrl":"https:\/\/www.cftestataltarapaca.cl\/inicio\/wp-content\/uploads\/2019\/03\/logo-retina-1.png","width":401,"height":150,"caption":"CFT Estatal Tarapac\u00e1"},"image":{"@id":"https:\/\/www.cftestataltarapaca.cl\/inicio\/#\/schema\/logo\/image\/"},"sameAs":["https:\/\/www.facebook.com\/CFTestataltarapaca\/","https:\/\/x.com\/CFTesTarapaca","https:\/\/www.instagram.com\/CFTestataltarapaca\/"]}]}},"publishpress_future_workflow_manual_trigger":{"enabledWorkflows":[]},"_links":{"self":[{"href":"https:\/\/www.cftestataltarapaca.cl\/inicio\/wp-json\/wp\/v2\/pages\/1288","targetHints":{"allow":["GET"]}}],"collection":[{"href":"https:\/\/www.cftestataltarapaca.cl\/inicio\/wp-json\/wp\/v2\/pages"}],"about":[{"href":"https:\/\/www.cftestataltarapaca.cl\/inicio\/wp-json\/wp\/v2\/types\/page"}],"author":[{"embeddable":true,"href":"https:\/\/www.cftestataltarapaca.cl\/inicio\/wp-json\/wp\/v2\/users\/1"}],"replies":[{"embeddable":true,"href":"https:\/\/www.cftestataltarapaca.cl\/inicio\/wp-json\/wp\/v2\/comments?post=1288"}],"version-history":[{"count":118,"href":"https:\/\/www.cftestataltarapaca.cl\/inicio\/wp-json\/wp\/v2\/pages\/1288\/revisions"}],"predecessor-version":[{"id":14845,"href":"https:\/\/www.cftestataltarapaca.cl\/inicio\/wp-json\/wp\/v2\/pages\/1288\/revisions\/14845"}],"wp:attachment":[{"href":"https:\/\/www.cftestataltarapaca.cl\/inicio\/wp-json\/wp\/v2\/media?parent=1288"}],"curies":[{"name":"wp","href":"https:\/\/api.w.org\/{rel}","templated":true}]}}